{"id":23810,"date":"2023-01-02T12:40:54","date_gmt":"2023-01-02T11:40:54","guid":{"rendered":"https:\/\/filadelfia.lutheran.hu\/?page_id=23810"},"modified":"2024-01-09T11:18:27","modified_gmt":"2024-01-09T10:18:27","slug":"2023-ban","status":"publish","type":"page","link":"https:\/\/filadelfia.lutheran.hu\/?page_id=23810&lang=hu_HU","title":{"rendered":"2023-ban"},"content":{"rendered":"<!--[if lt IE 9]><script>document.createElement('audio');<\/script><![endif]-->\n<audio class=\"wp-audio-shortcode\" id=\"audio-23810-1\" preload=\"none\" style=\"width: 100%;\" controls=\"controls\"><source type=\"audio\/mpeg\" src=\"http:\/\/filadelfia.lutheran.hu\/wp-content\/uploads\/231231K.mp3?_=1\" \/><a href=\"http:\/\/filadelfia.lutheran.hu\/wp-content\/uploads\/231231K.mp3\">http:\/\/filadelfia.lutheran.hu\/wp-content\/uploads\/231231K.mp3<\/a><\/audio>\n<p><span style=\"color: #;\"> Kisv\u00e1rdai istentisztelet hangfelv\u00e9tele, igehirdet\u0151: Hulej Enik\u0151, 2023. december 31. &#8211; Alapige: Lk 12,35-40 <\/span><\/p>\n<audio class=\"wp-audio-shortcode\" id=\"audio-23810-2\" preload=\"none\" style=\"width: 100%;\" controls=\"controls\"><source type=\"audio\/mpeg\" src=\"http:\/\/filadelfia.lutheran.hu\/wp-content\/uploads\/231231Ny.mp3?_=2\" \/><a href=\"http:\/\/filadelfia.lutheran.hu\/wp-content\/uploads\/231231Ny.mp3\">http:\/\/filadelfia.lutheran.hu\/wp-content\/uploads\/231231Ny.mp3<\/a><\/audio>\n<p><span style=\"color: #;\">Ny\u00edrteleki istentisztelet hangfelv\u00e9tele, igehirdet\u0151: Malik P\u00e9ter K\u00e1roly, 2023. december 31. &#8211; Alapige: Lk 12,35-40   <\/span><\/p>\n<audio class=\"wp-audio-shortcode\" id=\"audio-23810-3\" preload=\"none\" style=\"width: 100%;\" controls=\"controls\"><source type=\"audio\/mpeg\" src=\"http:\/\/filadelfia.lutheran.hu\/wp-content\/uploads\/231224Ny.mp3?_=3\" \/><a href=\"http:\/\/filadelfia.lutheran.hu\/wp-content\/uploads\/231224Ny.mp3\">http:\/\/filadelfia.lutheran.hu\/wp-content\/uploads\/231224Ny.mp3<\/a><\/audio>\n<p><span style=\"color: #;\">Ny\u00edrteleki istentisztelet hangfelv\u00e9tele, igehirdet\u0151: Malik P\u00e9ter K\u00e1roly, 2023. december 24. &#8211; Alapige: Mt 1,18-25 <\/span><\/p>\n<audio class=\"wp-audio-shortcode\" id=\"audio-23810-4\" preload=\"none\" style=\"width: 100%;\" controls=\"controls\"><source type=\"audio\/mpeg\" src=\"http:\/\/filadelfia.lutheran.hu\/wp-content\/uploads\/231224K.mp3?_=4\" \/><a href=\"http:\/\/filadelfia.lutheran.hu\/wp-content\/uploads\/231224K.mp3\">http:\/\/filadelfia.lutheran.hu\/wp-content\/uploads\/231224K.mp3<\/a><\/audio>\n<p><span style=\"color: #;\"> Kisv\u00e1rdai istentisztelet hangfelv\u00e9tele, igehirdet\u0151: Hulej Enik\u0151, 2023. december 24. &#8211; Alapige: Mt 1,18-25 <\/span><\/p>\n<audio class=\"wp-audio-shortcode\" id=\"audio-23810-5\" preload=\"none\" style=\"width: 100%;\" controls=\"controls\"><source type=\"audio\/mpeg\" src=\"http:\/\/filadelfia.lutheran.hu\/wp-content\/uploads\/231217K.mp3?_=5\" \/><a href=\"http:\/\/filadelfia.lutheran.hu\/wp-content\/uploads\/231217K.mp3\">http:\/\/filadelfia.lutheran.hu\/wp-content\/uploads\/231217K.mp3<\/a><\/audio>\n<p><span style=\"color: #;\"> Kisv\u00e1rdai istentisztelet hangfelv\u00e9tele, igehirdet\u0151: Hulej Enik\u0151, 2023. december 17. &#8211; Alapige: 1Kor 4,1-5 <\/span><\/p>\n<audio class=\"wp-audio-shortcode\" id=\"audio-23810-6\" preload=\"none\" style=\"width: 100%;\" controls=\"controls\"><source type=\"audio\/mpeg\" src=\"http:\/\/filadelfia.lutheran.hu\/wp-content\/uploads\/231217Ny.mp3?_=6\" \/><a href=\"http:\/\/filadelfia.lutheran.hu\/wp-content\/uploads\/231217Ny.mp3\">http:\/\/filadelfia.lutheran.hu\/wp-content\/uploads\/231217Ny.mp3<\/a><\/audio>\n<p><span style=\"color: #;\">Ny\u00edrteleki istentisztelet hangfelv\u00e9tele, igehirdet\u0151: Malik P\u00e9ter K\u00e1roly, 2023. december 17. &#8211; Alapige: 1Kor 4,1-5  <\/span><\/p>\n<audio class=\"wp-audio-shortcode\" id=\"audio-23810-7\" preload=\"none\" style=\"width: 100%;\" controls=\"controls\"><source type=\"audio\/mpeg\" src=\"http:\/\/filadelfia.lutheran.hu\/wp-content\/uploads\/231210K.mp3?_=7\" \/><a href=\"http:\/\/filadelfia.lutheran.hu\/wp-content\/uploads\/231210K.mp3\">http:\/\/filadelfia.lutheran.hu\/wp-content\/uploads\/231210K.mp3<\/a><\/audio>\n<p><span style=\"color: #;\"> Kisv\u00e1rdai istentisztelet hangfelv\u00e9tele, igehirdet\u0151: Hulej Enik\u0151, 2023. december 10. &#8211; Alapige: R\u00f3m 15,4-13 <\/span><\/p>\n<audio class=\"wp-audio-shortcode\" id=\"audio-23810-8\" preload=\"none\" style=\"width: 100%;\" controls=\"controls\"><source type=\"audio\/mpeg\" src=\"http:\/\/filadelfia.lutheran.hu\/wp-content\/uploads\/231210Ny.mp3?_=8\" \/><a href=\"http:\/\/filadelfia.lutheran.hu\/wp-content\/uploads\/231210Ny.mp3\">http:\/\/filadelfia.lutheran.hu\/wp-content\/uploads\/231210Ny.mp3<\/a><\/audio>\n<p><span style=\"color: #;\">Ny\u00edrteleki istentisztelet hangfelv\u00e9tele, igehirdet\u0151: B\u00e1nszky Istv\u00e1n, 2023. december 10. &#8211; Alapige: R\u00f3m 15,4-13 <\/span><\/p>\n<audio class=\"wp-audio-shortcode\" id=\"audio-23810-9\" preload=\"none\" style=\"width: 100%;\" controls=\"controls\"><source type=\"audio\/mpeg\" src=\"http:\/\/filadelfia.lutheran.hu\/wp-content\/uploads\/231209_Aliansz.mp3?_=9\" \/><a href=\"http:\/\/filadelfia.lutheran.hu\/wp-content\/uploads\/231209_Aliansz.mp3\">http:\/\/filadelfia.lutheran.hu\/wp-content\/uploads\/231209_Aliansz.mp3<\/a><\/audio>\n<p><span style=\"color: #;\"> Aliansz \u00e1dventi zen\u00e9s \u00e1h\u00edtat hangfelv\u00e9tele. Szolg\u00e1lnak: Ikl\u00f3dy L\u00e1szl\u00f3 (MET lelk\u00e9sze), T\u00f3th Kriszti\u00e1n (baptista lelk\u00e9sz), Hulej Enik\u0151 (ev. lelk\u00e9sz), Sebesty\u00e9n Zolt\u00e1n (orgonista), Ol\u00e1h Bogl\u00e1rka (ev. k\u00e1ntor) \u00e9s az ev. ifisek. Kisv\u00e1rda, 2023. december 9. &#8211; Mott\u00f3: J\u00f6jj!<\/span><\/p>\n<audio class=\"wp-audio-shortcode\" id=\"audio-23810-10\" preload=\"none\" style=\"width: 100%;\" controls=\"controls\"><source type=\"audio\/mpeg\" src=\"http:\/\/filadelfia.lutheran.hu\/wp-content\/uploads\/231203K.mp3?_=10\" \/><a href=\"http:\/\/filadelfia.lutheran.hu\/wp-content\/uploads\/231203K.mp3\">http:\/\/filadelfia.lutheran.hu\/wp-content\/uploads\/231203K.mp3<\/a><\/audio>\n<p><span style=\"color: #;\"> Kisv\u00e1rdai istentisztelet hangfelv\u00e9tele, igehirdet\u0151: Szab\u00f3 L\u00e1szl\u00f3 Tam\u00e1s, 2023. december 3. &#8211; Alapige: R\u00f3m 13,11-14 <\/span><\/p>\n<audio class=\"wp-audio-shortcode\" id=\"audio-23810-11\" preload=\"none\" style=\"width: 100%;\" controls=\"controls\"><source type=\"audio\/mpeg\" src=\"http:\/\/filadelfia.lutheran.hu\/wp-content\/uploads\/231203Ny.mp3?_=11\" \/><a href=\"http:\/\/filadelfia.lutheran.hu\/wp-content\/uploads\/231203Ny.mp3\">http:\/\/filadelfia.lutheran.hu\/wp-content\/uploads\/231203Ny.mp3<\/a><\/audio>\n<p><span style=\"color: #;\">Ny\u00edrteleki istentisztelet hangfelv\u00e9tele, igehirdet\u0151: Malik P\u00e9ter K\u00e1roly, 2023. december 3. &#8211; Alapige: R\u00f3m 13,11-14 <\/span><\/p>\n<audio class=\"wp-audio-shortcode\" id=\"audio-23810-12\" preload=\"none\" style=\"width: 100%;\" controls=\"controls\"><source type=\"audio\/mpeg\" src=\"http:\/\/filadelfia.lutheran.hu\/wp-content\/uploads\/231126G.mp3?_=12\" \/><a href=\"http:\/\/filadelfia.lutheran.hu\/wp-content\/uploads\/231126G.mp3\">http:\/\/filadelfia.lutheran.hu\/wp-content\/uploads\/231126G.mp3<\/a><\/audio>\n<p><span style=\"color: #;\">G\u00f6r\u00f6gsz\u00e1ll\u00e1si istentisztelet hangfelv\u00e9tele, igehirdet\u0151: Hulej Enik\u0151, 2023. november 26. &#8211; Alapige: Mal 3,22-24<\/span><\/p>\n<audio class=\"wp-audio-shortcode\" id=\"audio-23810-13\" preload=\"none\" style=\"width: 100%;\" controls=\"controls\"><source type=\"audio\/mpeg\" src=\"http:\/\/filadelfia.lutheran.hu\/wp-content\/uploads\/231126K.mp3?_=13\" \/><a href=\"http:\/\/filadelfia.lutheran.hu\/wp-content\/uploads\/231126K.mp3\">http:\/\/filadelfia.lutheran.hu\/wp-content\/uploads\/231126K.mp3<\/a><\/audio>\n<p><span style=\"color: #;\"> Kisv\u00e1rdai istentisztelet hangfelv\u00e9tele, igehirdet\u0151: Malik P\u00e9ter K\u00e1roly, 2023. november 26. &#8211; Alapige: Mal 3,22-24 <\/span><\/p>\n<audio class=\"wp-audio-shortcode\" id=\"audio-23810-14\" preload=\"none\" style=\"width: 100%;\" controls=\"controls\"><source type=\"audio\/mpeg\" src=\"http:\/\/filadelfia.lutheran.hu\/wp-content\/uploads\/231126Ny.mp3?_=14\" \/><a href=\"http:\/\/filadelfia.lutheran.hu\/wp-content\/uploads\/231126Ny.mp3\">http:\/\/filadelfia.lutheran.hu\/wp-content\/uploads\/231126Ny.mp3<\/a><\/audio>\n<p><span style=\"color: #;\">Ny\u00edrteleki istentisztelet hangfelv\u00e9tele, igehirdet\u0151: Hulej Enik\u0151, 2023. november 26. &#8211; Alapige: Mal 3,22-24<\/span><\/p>\n<audio class=\"wp-audio-shortcode\" id=\"audio-23810-15\" preload=\"none\" style=\"width: 100%;\" controls=\"controls\"><source type=\"audio\/mpeg\" src=\"http:\/\/filadelfia.lutheran.hu\/wp-content\/uploads\/231119K.mp3?_=15\" \/><a href=\"http:\/\/filadelfia.lutheran.hu\/wp-content\/uploads\/231119K.mp3\">http:\/\/filadelfia.lutheran.hu\/wp-content\/uploads\/231119K.mp3<\/a><\/audio>\n<p><span style=\"color: #;\"> Kisv\u00e1rdai istentisztelet hangfelv\u00e9tele, igehirdet\u0151: Hulej Enik\u0151, 2023. november 19. &#8211; Alapige: D\u00e1n 7,9-10 <\/span><\/p>\n<audio class=\"wp-audio-shortcode\" id=\"audio-23810-16\" preload=\"none\" style=\"width: 100%;\" controls=\"controls\"><source type=\"audio\/mpeg\" src=\"http:\/\/filadelfia.lutheran.hu\/wp-content\/uploads\/231119Ny.mp3?_=16\" \/><a href=\"http:\/\/filadelfia.lutheran.hu\/wp-content\/uploads\/231119Ny.mp3\">http:\/\/filadelfia.lutheran.hu\/wp-content\/uploads\/231119Ny.mp3<\/a><\/audio>\n<p><span style=\"color: #;\">Ny\u00edrteleki istentisztelet hangfelv\u00e9tele, igehirdet\u0151: Malik P\u00e9ter K\u00e1roly, 2023. november  19. &#8211; Alapige: D\u00e1n 7,9-10 <\/span><\/p>\n<audio class=\"wp-audio-shortcode\" id=\"audio-23810-17\" preload=\"none\" style=\"width: 100%;\" controls=\"controls\"><source type=\"audio\/mpeg\" src=\"http:\/\/filadelfia.lutheran.hu\/wp-content\/uploads\/231112K.mp3?_=17\" \/><a href=\"http:\/\/filadelfia.lutheran.hu\/wp-content\/uploads\/231112K.mp3\">http:\/\/filadelfia.lutheran.hu\/wp-content\/uploads\/231112K.mp3<\/a><\/audio>\n<p><span style=\"color: #;\"> Kisv\u00e1rdai istentisztelet hangfelv\u00e9tele, igehirdet\u0151: Hulej Enik\u0151, 2023. november 12. &#8211; Alapige: Pr\u00e9d 12,1-7 <\/span><\/p>\n<audio class=\"wp-audio-shortcode\" id=\"audio-23810-18\" preload=\"none\" style=\"width: 100%;\" controls=\"controls\"><source type=\"audio\/mpeg\" src=\"http:\/\/filadelfia.lutheran.hu\/wp-content\/uploads\/231112Ny.mp3?_=18\" \/><a href=\"http:\/\/filadelfia.lutheran.hu\/wp-content\/uploads\/231112Ny.mp3\">http:\/\/filadelfia.lutheran.hu\/wp-content\/uploads\/231112Ny.mp3<\/a><\/audio>\n<p><span style=\"color: #;\">Ny\u00edrteleki istentisztelet hangfelv\u00e9tele, igehirdet\u0151: Marcsekn\u00e9 B\u00e1n Emese, 2023. november  12. &#8211; Alapige: Pr\u00e9d 12,1-7 <\/span><\/p>\n<audio class=\"wp-audio-shortcode\" id=\"audio-23810-19\" preload=\"none\" style=\"width: 100%;\" controls=\"controls\"><source type=\"audio\/mpeg\" src=\"http:\/\/filadelfia.lutheran.hu\/wp-content\/uploads\/231105K.mp3?_=19\" \/><a href=\"http:\/\/filadelfia.lutheran.hu\/wp-content\/uploads\/231105K.mp3\">http:\/\/filadelfia.lutheran.hu\/wp-content\/uploads\/231105K.mp3<\/a><\/audio>\n<p><span style=\"color: #;\"> Kisv\u00e1rdai istentisztelet hangfelv\u00e9tele, igehirdet\u0151: Szab\u00f3 L\u00e1szl\u00f3 Tam\u00e1s, 2023. november 5. &#8211; Alapige: Mt 18,15-17 <\/span><\/p>\n<audio class=\"wp-audio-shortcode\" id=\"audio-23810-20\" preload=\"none\" style=\"width: 100%;\" controls=\"controls\"><source type=\"audio\/mpeg\" src=\"http:\/\/filadelfia.lutheran.hu\/wp-content\/uploads\/231105Ny.mp3?_=20\" \/><a href=\"http:\/\/filadelfia.lutheran.hu\/wp-content\/uploads\/231105Ny.mp3\">http:\/\/filadelfia.lutheran.hu\/wp-content\/uploads\/231105Ny.mp3<\/a><\/audio>\n<p><span style=\"color: #;\">Ny\u00edrteleki istentisztelet hangfelv\u00e9tele, igehirdet\u0151: Malik P\u00e9ter K\u00e1roly, 2023. november 5. &#8211; Alapige: Mt 18,15-17 <\/span><\/p>\n<audio class=\"wp-audio-shortcode\" id=\"audio-23810-21\" preload=\"none\" style=\"width: 100%;\" controls=\"controls\"><source type=\"audio\/mpeg\" src=\"http:\/\/filadelfia.lutheran.hu\/wp-content\/uploads\/231031K.mp3?_=21\" \/><a href=\"http:\/\/filadelfia.lutheran.hu\/wp-content\/uploads\/231031K.mp3\">http:\/\/filadelfia.lutheran.hu\/wp-content\/uploads\/231031K.mp3<\/a><\/audio>\n<p><span style=\"color: #;\">Kisv\u00e1rdai reform\u00e1ci\u00f3i istentisztelet hangfelv\u00e9tele, igehirdet\u0151: Hulej Enik\u0151, 2023. okt\u00f3ber 31. &#8211; Alapige: 2Kor 4,5-7 <\/span><\/p>\n<audio class=\"wp-audio-shortcode\" id=\"audio-23810-22\" preload=\"none\" style=\"width: 100%;\" controls=\"controls\"><source type=\"audio\/mpeg\" src=\"http:\/\/filadelfia.lutheran.hu\/wp-content\/uploads\/231029_REF.mp3?_=22\" \/><a href=\"http:\/\/filadelfia.lutheran.hu\/wp-content\/uploads\/231029_REF.mp3\">http:\/\/filadelfia.lutheran.hu\/wp-content\/uploads\/231029_REF.mp3<\/a><\/audio>\n<p><span style=\"color: #;\">Evang\u00e9likus-reform\u00e1tus k\u00f6z\u00f6s istentisztelet hangfelv\u00e9tele, Ny\u00edrtelek, 2023. okt\u00f3ber 29. <\/span><\/p>\n<audio class=\"wp-audio-shortcode\" id=\"audio-23810-23\" preload=\"none\" style=\"width: 100%;\" controls=\"controls\"><source type=\"audio\/mpeg\" src=\"http:\/\/filadelfia.lutheran.hu\/wp-content\/uploads\/231029G.mp3?_=23\" \/><a href=\"http:\/\/filadelfia.lutheran.hu\/wp-content\/uploads\/231029G.mp3\">http:\/\/filadelfia.lutheran.hu\/wp-content\/uploads\/231029G.mp3<\/a><\/audio>\n<p><span style=\"color: #;\">G\u00f6r\u00f6gsz\u00e1ll\u00e1si istentisztelet hangfelv\u00e9tele, igehirdet\u0151: Hulej Enik\u0151, 2023. okt\u00f3ber 29. &#8211; Alapige: Mk 9,14-29 <\/span><\/p>\n<audio class=\"wp-audio-shortcode\" id=\"audio-23810-24\" preload=\"none\" style=\"width: 100%;\" controls=\"controls\"><source type=\"audio\/mpeg\" src=\"http:\/\/filadelfia.lutheran.hu\/wp-content\/uploads\/231029K.mp3?_=24\" \/><a href=\"http:\/\/filadelfia.lutheran.hu\/wp-content\/uploads\/231029K.mp3\">http:\/\/filadelfia.lutheran.hu\/wp-content\/uploads\/231029K.mp3<\/a><\/audio>\n<p><span style=\"color: #;\"> Kisv\u00e1rdai istentisztelet hangfelv\u00e9tele, igehirdet\u0151: Malik P\u00e9ter K\u00e1roly, 2023. okt\u00f3ber 29. &#8211; Alapige: Mk 12,28-34 <\/span><\/p>\n<audio class=\"wp-audio-shortcode\" id=\"audio-23810-25\" preload=\"none\" style=\"width: 100%;\" controls=\"controls\"><source type=\"audio\/mpeg\" src=\"http:\/\/filadelfia.lutheran.hu\/wp-content\/uploads\/231029Ny.mp3?_=25\" \/><a href=\"http:\/\/filadelfia.lutheran.hu\/wp-content\/uploads\/231029Ny.mp3\">http:\/\/filadelfia.lutheran.hu\/wp-content\/uploads\/231029Ny.mp3<\/a><\/audio>\n<p><span style=\"color: #;\">Ny\u00edrteleki istentisztelet hangfelv\u00e9tele, igehirdet\u0151: Hulej Enik\u0151, 2023. okt\u00f3ber 29. &#8211; Alapige: Mk 9,14-29 <\/span><\/p>\n<audio class=\"wp-audio-shortcode\" id=\"audio-23810-26\" preload=\"none\" style=\"width: 100%;\" controls=\"controls\"><source type=\"audio\/mpeg\" src=\"http:\/\/filadelfia.lutheran.hu\/wp-content\/uploads\/231022K.mp3?_=26\" \/><a href=\"http:\/\/filadelfia.lutheran.hu\/wp-content\/uploads\/231022K.mp3\">http:\/\/filadelfia.lutheran.hu\/wp-content\/uploads\/231022K.mp3<\/a><\/audio>\n<p><span style=\"color: #;\"> Kisv\u00e1rdai istentisztelet hangfelv\u00e9tele, igehirdet\u0151: Hulej Enik\u0151, 2023. okt\u00f3ber 22. &#8211; Alapige: Lk 14,25-35 <\/span><\/p>\n<audio class=\"wp-audio-shortcode\" id=\"audio-23810-27\" preload=\"none\" style=\"width: 100%;\" controls=\"controls\"><source type=\"audio\/mpeg\" src=\"http:\/\/filadelfia.lutheran.hu\/wp-content\/uploads\/231022Ny.mp3?_=27\" \/><a href=\"http:\/\/filadelfia.lutheran.hu\/wp-content\/uploads\/231022Ny.mp3\">http:\/\/filadelfia.lutheran.hu\/wp-content\/uploads\/231022Ny.mp3<\/a><\/audio>\n<p><span style=\"color: #;\">Ny\u00edrteleki istentisztelet hangfelv\u00e9tele, igehirdet\u0151: Kov\u00e1cs P\u00e9ter, 2023. okt\u00f3ber 22. &#8211; Alapige: Lk 14,25-35 <\/span><\/p>\n<audio class=\"wp-audio-shortcode\" id=\"audio-23810-28\" preload=\"none\" style=\"width: 100%;\" controls=\"controls\"><source type=\"audio\/mpeg\" src=\"http:\/\/filadelfia.lutheran.hu\/wp-content\/uploads\/231015K.mp3?_=28\" \/><a href=\"http:\/\/filadelfia.lutheran.hu\/wp-content\/uploads\/231015K.mp3\">http:\/\/filadelfia.lutheran.hu\/wp-content\/uploads\/231015K.mp3<\/a><\/audio>\n<p><span style=\"color: #;\"> Kisv\u00e1rdai istentisztelet hangfelv\u00e9tele, igehirdet\u0151: Hulej Enik\u0151, 2023. okt\u00f3ber 15. &#8211; Alapige: Mt 12,9-14 <\/span><\/p>\n<audio class=\"wp-audio-shortcode\" id=\"audio-23810-29\" preload=\"none\" style=\"width: 100%;\" controls=\"controls\"><source type=\"audio\/mpeg\" src=\"http:\/\/filadelfia.lutheran.hu\/wp-content\/uploads\/231015Ny.mp3?_=29\" \/><a href=\"http:\/\/filadelfia.lutheran.hu\/wp-content\/uploads\/231015Ny.mp3\">http:\/\/filadelfia.lutheran.hu\/wp-content\/uploads\/231015Ny.mp3<\/a><\/audio>\n<p><span style=\"color: #;\">Ny\u00edrteleki istentisztelet hangfelv\u00e9tele, igehirdet\u0151: Malik P\u00e9ter K\u00e1roly, 2023. okt\u00f3ber 15. &#8211; Alapige: Mt 12,9-14 <\/span><\/p>\n<audio class=\"wp-audio-shortcode\" id=\"audio-23810-30\" preload=\"none\" style=\"width: 100%;\" controls=\"controls\"><source type=\"audio\/mpeg\" src=\"http:\/\/filadelfia.lutheran.hu\/wp-content\/uploads\/231008K.mp3?_=30\" \/><a href=\"http:\/\/filadelfia.lutheran.hu\/wp-content\/uploads\/231008K.mp3\">http:\/\/filadelfia.lutheran.hu\/wp-content\/uploads\/231008K.mp3<\/a><\/audio>\n<p><span style=\"color: #;\"> Kisv\u00e1rdai istentisztelet hangfelv\u00e9tele, igehirdet\u0151: Hulej Enik\u0151, 2023. okt\u00f3ber 8. &#8211; Alapige: Jn 15,9-14 <\/span><\/p>\n<audio class=\"wp-audio-shortcode\" id=\"audio-23810-31\" preload=\"none\" style=\"width: 100%;\" controls=\"controls\"><source type=\"audio\/mpeg\" src=\"http:\/\/filadelfia.lutheran.hu\/wp-content\/uploads\/231008Ny.mp3?_=31\" \/><a href=\"http:\/\/filadelfia.lutheran.hu\/wp-content\/uploads\/231008Ny.mp3\">http:\/\/filadelfia.lutheran.hu\/wp-content\/uploads\/231008Ny.mp3<\/a><\/audio>\n<p><span style=\"color: #;\">Ny\u00edrteleki istentisztelet hangfelv\u00e9tele, igehirdet\u0151: Malik P\u00e9ter K\u00e1roly, 2023. okt\u00f3ber 8. &#8211; Alapige: Jn 15,9-14 <\/span><\/p>\n<audio class=\"wp-audio-shortcode\" id=\"audio-23810-32\" preload=\"none\" style=\"width: 100%;\" controls=\"controls\"><source type=\"audio\/mpeg\" src=\"http:\/\/filadelfia.lutheran.hu\/wp-content\/uploads\/231001K.mp3?_=32\" \/><a href=\"http:\/\/filadelfia.lutheran.hu\/wp-content\/uploads\/231001K.mp3\">http:\/\/filadelfia.lutheran.hu\/wp-content\/uploads\/231001K.mp3<\/a><\/audio>\n<p><span style=\"color: #;\"> Kisv\u00e1rdai istentisztelet hangfelv\u00e9tele, igehirdet\u0151: Szab\u00f3 L\u00e1szl\u00f3 Tam\u00e1s, 2023. okt\u00f3ber 1. &#8211; Alapige: Jn 17,20-26 <\/span><\/p>\n<audio class=\"wp-audio-shortcode\" id=\"audio-23810-33\" preload=\"none\" style=\"width: 100%;\" controls=\"controls\"><source type=\"audio\/mpeg\" src=\"http:\/\/filadelfia.lutheran.hu\/wp-content\/uploads\/231001Ny.mp3?_=33\" \/><a href=\"http:\/\/filadelfia.lutheran.hu\/wp-content\/uploads\/231001Ny.mp3\">http:\/\/filadelfia.lutheran.hu\/wp-content\/uploads\/231001Ny.mp3<\/a><\/audio>\n<p><span style=\"color: #;\">Ny\u00edrteleki istentisztelet hangfelv\u00e9tele, igehirdet\u0151: Malik P\u00e9ter K\u00e1roly, 2023. okt\u00f3ber 1. &#8211; Alapige: Jn 17,20-26<\/span><\/p>\n<audio class=\"wp-audio-shortcode\" id=\"audio-23810-34\" preload=\"none\" style=\"width: 100%;\" controls=\"controls\"><source type=\"audio\/mpeg\" src=\"http:\/\/filadelfia.lutheran.hu\/wp-content\/uploads\/230930K_5.mp3?_=34\" \/><a href=\"http:\/\/filadelfia.lutheran.hu\/wp-content\/uploads\/230930K_5.mp3\">http:\/\/filadelfia.lutheran.hu\/wp-content\/uploads\/230930K_5.mp3<\/a><\/audio>\n<p><span style=\"color: #;\"> Egyh\u00e1zmegyei presbiteri csendesnap &#8211; Z\u00e1r\u00f3 \u00e1h\u00edtat, Bozor\u00e1dy Andr\u00e1s igehirdet\u00e9se, Kisv\u00e1rda, 2023. szeptember 30. &#8211; Alapige: Mt 20,29-34 <\/span><\/p>\n<audio class=\"wp-audio-shortcode\" id=\"audio-23810-35\" preload=\"none\" style=\"width: 100%;\" controls=\"controls\"><source type=\"audio\/mpeg\" src=\"http:\/\/filadelfia.lutheran.hu\/wp-content\/uploads\/230930K_4.mp3?_=35\" \/><a href=\"http:\/\/filadelfia.lutheran.hu\/wp-content\/uploads\/230930K_4.mp3\">http:\/\/filadelfia.lutheran.hu\/wp-content\/uploads\/230930K_4.mp3<\/a><\/audio>\n<p><span style=\"color: #;\"> Egyh\u00e1zmegyei presbiteri csendesnap &#8211; Norv\u00e9g testv\u00e9rek bemutatkoz\u00e1sa, Kisv\u00e1rda, 2023. szeptember 30.  <\/span><\/p>\n<audio class=\"wp-audio-shortcode\" id=\"audio-23810-36\" preload=\"none\" style=\"width: 100%;\" controls=\"controls\"><source type=\"audio\/mpeg\" src=\"http:\/\/filadelfia.lutheran.hu\/wp-content\/uploads\/230930K_3.mp3?_=36\" \/><a href=\"http:\/\/filadelfia.lutheran.hu\/wp-content\/uploads\/230930K_3.mp3\">http:\/\/filadelfia.lutheran.hu\/wp-content\/uploads\/230930K_3.mp3<\/a><\/audio>\n<p><span style=\"color: #;\"> Egyh\u00e1zmegyei presbiteri csendesnap &#8211; A Filadelfia Gy\u00fclekezet presbitereinek bizonys\u00e1gt\u00e9tele, Kisv\u00e1rda, 2023. szeptember 30. <\/span><\/p>\n<audio class=\"wp-audio-shortcode\" id=\"audio-23810-37\" preload=\"none\" style=\"width: 100%;\" controls=\"controls\"><source type=\"audio\/mpeg\" src=\"http:\/\/filadelfia.lutheran.hu\/wp-content\/uploads\/230930K_2.mp3?_=37\" \/><a href=\"http:\/\/filadelfia.lutheran.hu\/wp-content\/uploads\/230930K_2.mp3\">http:\/\/filadelfia.lutheran.hu\/wp-content\/uploads\/230930K_2.mp3<\/a><\/audio>\n<p><span style=\"color: #;\"> Egyh\u00e1zmegyei presbiteri csendesnap &#8211; L\u00f3czy Tibor g\u00f6m\u00f6ri lelk\u00e9sz bizonys\u00e1gt\u00e9tele, Kisv\u00e1rda, 2023. szeptember 30. &#8211; Alapige: Ez 2 <\/span><\/p>\n<audio class=\"wp-audio-shortcode\" id=\"audio-23810-38\" preload=\"none\" style=\"width: 100%;\" controls=\"controls\"><source type=\"audio\/mpeg\" src=\"http:\/\/filadelfia.lutheran.hu\/wp-content\/uploads\/230930K_1.mp3?_=38\" \/><a href=\"http:\/\/filadelfia.lutheran.hu\/wp-content\/uploads\/230930K_1.mp3\">http:\/\/filadelfia.lutheran.hu\/wp-content\/uploads\/230930K_1.mp3<\/a><\/audio>\n<p><span style=\"color: #;\"> Egyh\u00e1zmegyei presbiteri csendesnap &#8211; k\u00f6sz\u00f6nt\u00e9s, nyit\u00f3 \u00e1h\u00edtat, Hulej Enik\u0151 igehirdet\u00e9se, Kisv\u00e1rda, 2023. szeptember 30. &#8211; Alapige: 1M\u00f3z 16,6b-14 <\/span><\/p>\n<audio class=\"wp-audio-shortcode\" id=\"audio-23810-39\" preload=\"none\" style=\"width: 100%;\" controls=\"controls\"><source type=\"audio\/mpeg\" src=\"http:\/\/filadelfia.lutheran.hu\/wp-content\/uploads\/230924K.mp3?_=39\" \/><a href=\"http:\/\/filadelfia.lutheran.hu\/wp-content\/uploads\/230924K.mp3\">http:\/\/filadelfia.lutheran.hu\/wp-content\/uploads\/230924K.mp3<\/a><\/audio>\n<p><span style=\"color: #;\"> Kisv\u00e1rdai istentisztelet hangfelv\u00e9tele, 2023. szeptember 24. &#8211; Alapige: Kol 3,1-8 <\/span><\/p>\n<audio class=\"wp-audio-shortcode\" id=\"audio-23810-40\" preload=\"none\" style=\"width: 100%;\" controls=\"controls\"><source type=\"audio\/mpeg\" src=\"http:\/\/filadelfia.lutheran.hu\/wp-content\/uploads\/230924Ny.mp3?_=40\" \/><a href=\"http:\/\/filadelfia.lutheran.hu\/wp-content\/uploads\/230924Ny.mp3\">http:\/\/filadelfia.lutheran.hu\/wp-content\/uploads\/230924Ny.mp3<\/a><\/audio>\n<p><span style=\"color: #;\">Ny\u00edrteleki istentisztelet hangfelv\u00e9tele, 2023. szeptember 24. &#8211; Alapige: Kol 3,1-8<\/span><\/p>\n<audio class=\"wp-audio-shortcode\" id=\"audio-23810-41\" preload=\"none\" style=\"width: 100%;\" controls=\"controls\"><source type=\"audio\/mpeg\" src=\"http:\/\/filadelfia.lutheran.hu\/wp-content\/uploads\/230917K.mp3?_=41\" \/><a href=\"http:\/\/filadelfia.lutheran.hu\/wp-content\/uploads\/230917K.mp3\">http:\/\/filadelfia.lutheran.hu\/wp-content\/uploads\/230917K.mp3<\/a><\/audio>\n<p><span style=\"color: #;\"> Kisv\u00e1rdai istentisztelet hangfelv\u00e9tele, 2023. szeptember 17. &#8211; Alapige: 1Tim 6,6-11 <\/span><\/p>\n<audio class=\"wp-audio-shortcode\" id=\"audio-23810-42\" preload=\"none\" style=\"width: 100%;\" controls=\"controls\"><source type=\"audio\/mpeg\" src=\"http:\/\/filadelfia.lutheran.hu\/wp-content\/uploads\/230917Ny.mp3?_=42\" \/><a href=\"http:\/\/filadelfia.lutheran.hu\/wp-content\/uploads\/230917Ny.mp3\">http:\/\/filadelfia.lutheran.hu\/wp-content\/uploads\/230917Ny.mp3<\/a><\/audio>\n<p><span style=\"color: #;\">Ny\u00edrteleki istentisztelet hangfelv\u00e9tele, 2023. szeptember 17. &#8211; Alapige: 1Tim 6,6-11<\/span><\/p>\n<audio class=\"wp-audio-shortcode\" id=\"audio-23810-43\" preload=\"none\" style=\"width: 100%;\" controls=\"controls\"><source type=\"audio\/mpeg\" src=\"http:\/\/filadelfia.lutheran.hu\/wp-content\/uploads\/230910Ny.mp3?_=43\" \/><a href=\"http:\/\/filadelfia.lutheran.hu\/wp-content\/uploads\/230910Ny.mp3\">http:\/\/filadelfia.lutheran.hu\/wp-content\/uploads\/230910Ny.mp3<\/a><\/audio>\n<p><span style=\"color: #;\"> Ny\u00edrteleki istentisztelet hangfelv\u00e9tele, 2023. szeptember 10. &#8211; Alapige: R\u00f3m 8,5-11 <\/span><\/p>\n<audio class=\"wp-audio-shortcode\" id=\"audio-23810-44\" preload=\"none\" style=\"width: 100%;\" controls=\"controls\"><source type=\"audio\/mpeg\" src=\"http:\/\/filadelfia.lutheran.hu\/wp-content\/uploads\/230910K.mp3?_=44\" \/><a href=\"http:\/\/filadelfia.lutheran.hu\/wp-content\/uploads\/230910K.mp3\">http:\/\/filadelfia.lutheran.hu\/wp-content\/uploads\/230910K.mp3<\/a><\/audio>\n<p><span style=\"color: #;\"> Kisv\u00e1rdai istentisztelet hangfelv\u00e9tele, 2023. szeptember 10. &#8211; Alapige: R\u00f3m 8,5-11 <\/span><\/p>\n<audio class=\"wp-audio-shortcode\" id=\"audio-23810-45\" preload=\"none\" style=\"width: 100%;\" controls=\"controls\"><source type=\"audio\/mpeg\" src=\"http:\/\/filadelfia.lutheran.hu\/wp-content\/uploads\/230903K.mp3?_=45\" \/><a href=\"http:\/\/filadelfia.lutheran.hu\/wp-content\/uploads\/230903K.mp3\">http:\/\/filadelfia.lutheran.hu\/wp-content\/uploads\/230903K.mp3<\/a><\/audio>\n<p><span style=\"color: #;\"> Kisv\u00e1rdai istentisztelet hangfelv\u00e9tele, 2023. szeptember 3. &#8211; Alapige: Jel 3,1-6 <\/span><\/p>\n<audio class=\"wp-audio-shortcode\" id=\"audio-23810-46\" preload=\"none\" style=\"width: 100%;\" controls=\"controls\"><source type=\"audio\/mpeg\" src=\"http:\/\/filadelfia.lutheran.hu\/wp-content\/uploads\/230903Ny.mp3?_=46\" \/><a href=\"http:\/\/filadelfia.lutheran.hu\/wp-content\/uploads\/230903Ny.mp3\">http:\/\/filadelfia.lutheran.hu\/wp-content\/uploads\/230903Ny.mp3<\/a><\/audio>\n<p><span style=\"color: #;\">Ny\u00edrteleki istentisztelet hangfelv\u00e9tele, 2023. szeptember 3. &#8211; Alapige: Jel 3,1-6 <\/span><\/p>\n<audio class=\"wp-audio-shortcode\" id=\"audio-23810-47\" preload=\"none\" style=\"width: 100%;\" controls=\"controls\"><source type=\"audio\/mpeg\" src=\"http:\/\/filadelfia.lutheran.hu\/wp-content\/uploads\/230827K.mp3?_=47\" \/><a href=\"http:\/\/filadelfia.lutheran.hu\/wp-content\/uploads\/230827K.mp3\">http:\/\/filadelfia.lutheran.hu\/wp-content\/uploads\/230827K.mp3<\/a><\/audio>\n<p><span style=\"color: #;\"> Kisv\u00e1rdai istentisztelet hangfelv\u00e9tele, 2023. augusztus 27. &#8211; Alapige: R\u00f3m 9,15-16 <\/span><\/p>\n<audio class=\"wp-audio-shortcode\" id=\"audio-23810-48\" preload=\"none\" style=\"width: 100%;\" controls=\"controls\"><source type=\"audio\/mpeg\" src=\"http:\/\/filadelfia.lutheran.hu\/wp-content\/uploads\/230827Ny.mp3?_=48\" \/><a href=\"http:\/\/filadelfia.lutheran.hu\/wp-content\/uploads\/230827Ny.mp3\">http:\/\/filadelfia.lutheran.hu\/wp-content\/uploads\/230827Ny.mp3<\/a><\/audio>\n<p><span style=\"color: #;\">Ny\u00edrteleki istentisztelet hangfelv\u00e9tele, 2023. augusztus 27. &#8211; Alapige: R\u00f3m 9,15-16 <\/span><\/p>\n<audio class=\"wp-audio-shortcode\" id=\"audio-23810-49\" preload=\"none\" style=\"width: 100%;\" controls=\"controls\"><source type=\"audio\/mpeg\" src=\"http:\/\/filadelfia.lutheran.hu\/wp-content\/uploads\/230826K_3.mp3?_=49\" \/><a href=\"http:\/\/filadelfia.lutheran.hu\/wp-content\/uploads\/230826K_3.mp3\">http:\/\/filadelfia.lutheran.hu\/wp-content\/uploads\/230826K_3.mp3<\/a><\/audio>\n<p><span style=\"color: #;\"> Pitvarosiakkal k\u00f6z\u00f6s csendesnap &#8211; z\u00e1r\u00f3 \u00e1h\u00edtat hangfelv\u00e9tele, Csonka Zsuzsanna igehirdet\u00e9se, Kisv\u00e1rda, 2023. augusztus 26. &#8211; Alapige: \u00c9zs 58,6-12 <\/span><\/p>\n<audio class=\"wp-audio-shortcode\" id=\"audio-23810-50\" preload=\"none\" style=\"width: 100%;\" controls=\"controls\"><source type=\"audio\/mpeg\" src=\"http:\/\/filadelfia.lutheran.hu\/wp-content\/uploads\/230826K_2.mp3?_=50\" \/><a href=\"http:\/\/filadelfia.lutheran.hu\/wp-content\/uploads\/230826K_2.mp3\">http:\/\/filadelfia.lutheran.hu\/wp-content\/uploads\/230826K_2.mp3<\/a><\/audio>\n<p><span style=\"color: #;\"> Pitvarosiakkal k\u00f6z\u00f6s csendesnap &#8211; bizonys\u00e1gt\u00e9telek, Kisv\u00e1rda, 2023. augusztus 26. <\/span><\/p>\n<audio class=\"wp-audio-shortcode\" id=\"audio-23810-51\" preload=\"none\" style=\"width: 100%;\" controls=\"controls\"><source type=\"audio\/mpeg\" src=\"http:\/\/filadelfia.lutheran.hu\/wp-content\/uploads\/230826K_1.mp3?_=51\" \/><a href=\"http:\/\/filadelfia.lutheran.hu\/wp-content\/uploads\/230826K_1.mp3\">http:\/\/filadelfia.lutheran.hu\/wp-content\/uploads\/230826K_1.mp3<\/a><\/audio>\n<p><span style=\"color: #;\"> Pitvarosiakkal k\u00f6z\u00f6s csendesnap &#8211; nyit\u00f3 \u00e1h\u00edtat hangfelv\u00e9tele, Hulej Enik\u0151 igehirdet\u00e9se, Kisv\u00e1rda, 2023. augusztus 26. &#8211; Alapige: Mk 7,24-30 <\/span><\/p>\n<audio class=\"wp-audio-shortcode\" id=\"audio-23810-52\" preload=\"none\" style=\"width: 100%;\" controls=\"controls\"><source type=\"audio\/mpeg\" src=\"http:\/\/filadelfia.lutheran.hu\/wp-content\/uploads\/230820Ny_3.mp3?_=52\" \/><a href=\"http:\/\/filadelfia.lutheran.hu\/wp-content\/uploads\/230820Ny_3.mp3\">http:\/\/filadelfia.lutheran.hu\/wp-content\/uploads\/230820Ny_3.mp3<\/a><\/audio>\n<p><span style=\"color: #;\"> Gy\u00fclekezeti csendesnap &#8211; z\u00e1r\u00f3 istentisztelet hangfelv\u00e9tele, Gy\u0151ri G\u00e1bor D\u00e1vid igehirdet\u00e9se, 2023. augusztus 20. &#8211; Alapige: Fil 3,12-14 <\/span><\/p>\n<audio class=\"wp-audio-shortcode\" id=\"audio-23810-53\" preload=\"none\" style=\"width: 100%;\" controls=\"controls\"><source type=\"audio\/mpeg\" src=\"http:\/\/filadelfia.lutheran.hu\/wp-content\/uploads\/230820Ny_2.mp3?_=53\" \/><a href=\"http:\/\/filadelfia.lutheran.hu\/wp-content\/uploads\/230820Ny_2.mp3\">http:\/\/filadelfia.lutheran.hu\/wp-content\/uploads\/230820Ny_2.mp3<\/a><\/audio>\n<p><span style=\"color: #;\"> Gy\u00fclekezeti csendesnap &#8211; bizonys\u00e1gt\u00e9telek, 2023. augusztus 20. <\/span><\/p>\n<audio class=\"wp-audio-shortcode\" id=\"audio-23810-54\" preload=\"none\" style=\"width: 100%;\" controls=\"controls\"><source type=\"audio\/mpeg\" src=\"http:\/\/filadelfia.lutheran.hu\/wp-content\/uploads\/230820Ny_1.mp3?_=54\" \/><a href=\"http:\/\/filadelfia.lutheran.hu\/wp-content\/uploads\/230820Ny_1.mp3\">http:\/\/filadelfia.lutheran.hu\/wp-content\/uploads\/230820Ny_1.mp3<\/a><\/audio>\n<p><span style=\"color: #;\"> Gy\u00fclekezeti csendesnap &#8211; nyit\u00f3 istentisztelet hangfelv\u00e9tele, Gy\u0151ri G\u00e1bor D\u00e1vid igehirdet\u00e9se, 2023. augusztus 20. &#8211; Alapige: Fil 3,4-11 <\/span><\/p>\n<audio class=\"wp-audio-shortcode\" id=\"audio-23810-55\" preload=\"none\" style=\"width: 100%;\" controls=\"controls\"><source type=\"audio\/mpeg\" src=\"http:\/\/filadelfia.lutheran.hu\/wp-content\/uploads\/230813K.mp3?_=55\" \/><a href=\"http:\/\/filadelfia.lutheran.hu\/wp-content\/uploads\/230813K.mp3\">http:\/\/filadelfia.lutheran.hu\/wp-content\/uploads\/230813K.mp3<\/a><\/audio>\n<p><span style=\"color: #;\"> Kisv\u00e1rdai istentisztelet hangfelv\u00e9tele, 2023. augusztus 13. &#8211; Alapige: Hab 2,1-4 <\/span><\/p>\n<audio class=\"wp-audio-shortcode\" id=\"audio-23810-56\" preload=\"none\" style=\"width: 100%;\" controls=\"controls\"><source type=\"audio\/mpeg\" src=\"http:\/\/filadelfia.lutheran.hu\/wp-content\/uploads\/230813Ny.mp3?_=56\" \/><a href=\"http:\/\/filadelfia.lutheran.hu\/wp-content\/uploads\/230813Ny.mp3\">http:\/\/filadelfia.lutheran.hu\/wp-content\/uploads\/230813Ny.mp3<\/a><\/audio>\n<p><span style=\"color: #;\">Ny\u00edrteleki istentisztelet hangfelv\u00e9tele, 2023. augusztus 13. &#8211; Alapige: Hab 2,1-4 <\/span><\/p>\n<audio class=\"wp-audio-shortcode\" id=\"audio-23810-57\" preload=\"none\" style=\"width: 100%;\" controls=\"controls\"><source type=\"audio\/mpeg\" src=\"http:\/\/filadelfia.lutheran.hu\/wp-content\/uploads\/230806K.mp3?_=57\" \/><a href=\"http:\/\/filadelfia.lutheran.hu\/wp-content\/uploads\/230806K.mp3\">http:\/\/filadelfia.lutheran.hu\/wp-content\/uploads\/230806K.mp3<\/a><\/audio>\n<p><span style=\"color: #;\"> Kisv\u00e1rdai istentisztelet hangfelv\u00e9tele, 2023. augusztus 6. &#8211; Alapige: 2M\u00f3z 32,1-10 <\/span><\/p>\n<audio class=\"wp-audio-shortcode\" id=\"audio-23810-58\" preload=\"none\" style=\"width: 100%;\" controls=\"controls\"><source type=\"audio\/mpeg\" src=\"http:\/\/filadelfia.lutheran.hu\/wp-content\/uploads\/230806Ny.mp3?_=58\" \/><a href=\"http:\/\/filadelfia.lutheran.hu\/wp-content\/uploads\/230806Ny.mp3\">http:\/\/filadelfia.lutheran.hu\/wp-content\/uploads\/230806Ny.mp3<\/a><\/audio>\n<p><span style=\"color: #;\">Ny\u00edrteleki istentisztelet hangfelv\u00e9tele, 2023. augusztus 6. &#8211; Alapige: 2M\u00f3z 32,1-10 <\/span><\/p>\n<audio class=\"wp-audio-shortcode\" id=\"audio-23810-59\" preload=\"none\" style=\"width: 100%;\" controls=\"controls\"><source type=\"audio\/mpeg\" src=\"http:\/\/filadelfia.lutheran.hu\/wp-content\/uploads\/230730K.mp3?_=59\" \/><a href=\"http:\/\/filadelfia.lutheran.hu\/wp-content\/uploads\/230730K.mp3\">http:\/\/filadelfia.lutheran.hu\/wp-content\/uploads\/230730K.mp3<\/a><\/audio>\n<p><span style=\"color: #;\"> Kisv\u00e1rdai istentisztelet hangfelv\u00e9tele, 2023. j\u00falius 30. &#8211; Alapige: Jer 2,1-9.29-32 <\/span><\/p>\n<audio class=\"wp-audio-shortcode\" id=\"audio-23810-60\" preload=\"none\" style=\"width: 100%;\" controls=\"controls\"><source type=\"audio\/mpeg\" src=\"http:\/\/filadelfia.lutheran.hu\/wp-content\/uploads\/230730Ny.mp3?_=60\" \/><a href=\"http:\/\/filadelfia.lutheran.hu\/wp-content\/uploads\/230730Ny.mp3\">http:\/\/filadelfia.lutheran.hu\/wp-content\/uploads\/230730Ny.mp3<\/a><\/audio>\n<p><span style=\"color: #;\">Ny\u00edrteleki istentisztelet hangfelv\u00e9tele, 2023. j\u00falius 30. &#8211; Alapige: Jer 2,1-9.29-32 <\/span><\/p>\n<audio class=\"wp-audio-shortcode\" id=\"audio-23810-61\" preload=\"none\" style=\"width: 100%;\" controls=\"controls\"><source type=\"audio\/mpeg\" src=\"http:\/\/filadelfia.lutheran.hu\/wp-content\/uploads\/Era-Laci.mp3?_=61\" \/><a href=\"http:\/\/filadelfia.lutheran.hu\/wp-content\/uploads\/Era-Laci.mp3\">http:\/\/filadelfia.lutheran.hu\/wp-content\/uploads\/Era-Laci.mp3<\/a><\/audio>\n<p><span style=\"color: #;\"> H\u00e1laad\u00f3 alkalom hangfelv\u00e9tele, Kisv\u00e1rda, 2023. j\u00falius 23. &#8211; Alapige: 1S\u00e1m 7,12 <\/span><\/p>\n<audio class=\"wp-audio-shortcode\" id=\"audio-23810-62\" preload=\"none\" style=\"width: 100%;\" controls=\"controls\"><source type=\"audio\/mpeg\" src=\"http:\/\/filadelfia.lutheran.hu\/wp-content\/uploads\/230723K.mp3?_=62\" \/><a href=\"http:\/\/filadelfia.lutheran.hu\/wp-content\/uploads\/230723K.mp3\">http:\/\/filadelfia.lutheran.hu\/wp-content\/uploads\/230723K.mp3<\/a><\/audio>\n<p><span style=\"color: #;\"> Kisv\u00e1rdai istentisztelet hangfelv\u00e9tele, 2023. j\u00falius 23. &#8211; Alapige: J\u00f3b 5,6-21 <\/span><\/p>\n<audio class=\"wp-audio-shortcode\" id=\"audio-23810-63\" preload=\"none\" style=\"width: 100%;\" controls=\"controls\"><source type=\"audio\/mpeg\" src=\"http:\/\/filadelfia.lutheran.hu\/wp-content\/uploads\/230723Ny.mp3?_=63\" \/><a href=\"http:\/\/filadelfia.lutheran.hu\/wp-content\/uploads\/230723Ny.mp3\">http:\/\/filadelfia.lutheran.hu\/wp-content\/uploads\/230723Ny.mp3<\/a><\/audio>\n<p><span style=\"color: #;\">Ny\u00edrteleki istentisztelet hangfelv\u00e9tele, 2023. j\u00falius 23. &#8211; Alapige: J\u00f3b 5,6-21 <\/span><\/p>\n<audio class=\"wp-audio-shortcode\" id=\"audio-23810-64\" preload=\"none\" style=\"width: 100%;\" controls=\"controls\"><source type=\"audio\/mpeg\" src=\"http:\/\/filadelfia.lutheran.hu\/wp-content\/uploads\/230716K.mp3?_=64\" \/><a href=\"http:\/\/filadelfia.lutheran.hu\/wp-content\/uploads\/230716K.mp3\">http:\/\/filadelfia.lutheran.hu\/wp-content\/uploads\/230716K.mp3<\/a><\/audio>\n<p><span style=\"color: #;\"> Kisv\u00e1rdai istentisztelet hangfelv\u00e9tele, 2023. j\u00falius 16. &#8211; Alapige: Zsolt 51,9-11 <\/span><\/p>\n<audio class=\"wp-audio-shortcode\" id=\"audio-23810-65\" preload=\"none\" style=\"width: 100%;\" controls=\"controls\"><source type=\"audio\/mpeg\" src=\"http:\/\/filadelfia.lutheran.hu\/wp-content\/uploads\/230716Ny.mp3?_=65\" \/><a href=\"http:\/\/filadelfia.lutheran.hu\/wp-content\/uploads\/230716Ny.mp3\">http:\/\/filadelfia.lutheran.hu\/wp-content\/uploads\/230716Ny.mp3<\/a><\/audio>\n<p><span style=\"color: #;\">Ny\u00edrteleki istentisztelet hangfelv\u00e9tele, 2023. j\u00falius 16. &#8211; Alapige: Zsolt 51,9-11 <\/span><\/p>\n<audio class=\"wp-audio-shortcode\" id=\"audio-23810-66\" preload=\"none\" style=\"width: 100%;\" controls=\"controls\"><source type=\"audio\/mpeg\" src=\"http:\/\/filadelfia.lutheran.hu\/wp-content\/uploads\/230709K.mp3?_=66\" \/><a href=\"http:\/\/filadelfia.lutheran.hu\/wp-content\/uploads\/230709K.mp3\">http:\/\/filadelfia.lutheran.hu\/wp-content\/uploads\/230709K.mp3<\/a><\/audio>\n<p><span style=\"color: #;\"> Kisv\u00e1rdai istentisztelet hangfelv\u00e9tele, 2023. j\u00falius 9. &#8211; Alapige: \u00c9zs 43,10-15 <\/span><\/p>\n<audio class=\"wp-audio-shortcode\" id=\"audio-23810-67\" preload=\"none\" style=\"width: 100%;\" controls=\"controls\"><source type=\"audio\/mpeg\" src=\"http:\/\/filadelfia.lutheran.hu\/wp-content\/uploads\/230709Ny.mp3?_=67\" \/><a href=\"http:\/\/filadelfia.lutheran.hu\/wp-content\/uploads\/230709Ny.mp3\">http:\/\/filadelfia.lutheran.hu\/wp-content\/uploads\/230709Ny.mp3<\/a><\/audio>\n<p><span style=\"color: #;\">Ny\u00edrteleki istentisztelet hangfelv\u00e9tele, 2023. j\u00falius 9. &#8211; Alapige: \u00c9zs 43,10-15 <\/span><\/p>\n<audio class=\"wp-audio-shortcode\" id=\"audio-23810-68\" preload=\"none\" style=\"width: 100%;\" controls=\"controls\"><source type=\"audio\/mpeg\" src=\"http:\/\/filadelfia.lutheran.hu\/wp-content\/uploads\/230702K.mp3?_=68\" \/><a href=\"http:\/\/filadelfia.lutheran.hu\/wp-content\/uploads\/230702K.mp3\">http:\/\/filadelfia.lutheran.hu\/wp-content\/uploads\/230702K.mp3<\/a><\/audio>\n<p><span style=\"color: #;\"> Kisv\u00e1rdai istentisztelet hangfelv\u00e9tele, 2023. j\u00falius 2. &#8211; Alapige: \u00c9zs 48,12-19 <\/span><\/p>\n<audio class=\"wp-audio-shortcode\" id=\"audio-23810-69\" preload=\"none\" style=\"width: 100%;\" controls=\"controls\"><source type=\"audio\/mpeg\" src=\"http:\/\/filadelfia.lutheran.hu\/wp-content\/uploads\/230702Ny.mp3?_=69\" \/><a href=\"http:\/\/filadelfia.lutheran.hu\/wp-content\/uploads\/230702Ny.mp3\">http:\/\/filadelfia.lutheran.hu\/wp-content\/uploads\/230702Ny.mp3<\/a><\/audio>\n<p><span style=\"color: #;\">Ny\u00edrteleki istentisztelet hangfelv\u00e9tele, 2023. j\u00falius 2. &#8211; Alapige: \u00c9zs 48,12-19 <\/span><\/p>\n<audio class=\"wp-audio-shortcode\" id=\"audio-23810-70\" preload=\"none\" style=\"width: 100%;\" controls=\"controls\"><source type=\"audio\/mpeg\" src=\"http:\/\/filadelfia.lutheran.hu\/wp-content\/uploads\/230625K.mp3?_=70\" \/><a href=\"http:\/\/filadelfia.lutheran.hu\/wp-content\/uploads\/230625K.mp3\">http:\/\/filadelfia.lutheran.hu\/wp-content\/uploads\/230625K.mp3<\/a><\/audio>\n<p><span style=\"color: #;\"> Kisv\u00e1rdai istentisztelet hangfelv\u00e9tele, 2023. j\u00fanius 25. &#8211; Alapige: Lk 7,36-50 <\/span><\/p>\n<audio class=\"wp-audio-shortcode\" id=\"audio-23810-71\" preload=\"none\" style=\"width: 100%;\" controls=\"controls\"><source type=\"audio\/mpeg\" src=\"http:\/\/filadelfia.lutheran.hu\/wp-content\/uploads\/230625Ny.mp3?_=71\" \/><a href=\"http:\/\/filadelfia.lutheran.hu\/wp-content\/uploads\/230625Ny.mp3\">http:\/\/filadelfia.lutheran.hu\/wp-content\/uploads\/230625Ny.mp3<\/a><\/audio>\n<p><span style=\"color: #;\">Ny\u00edrteleki istentisztelet hangfelv\u00e9tele, 2023. j\u00fanius 25. &#8211; Alapige: Lk 7,36-50 <\/span><\/p>\n<audio class=\"wp-audio-shortcode\" id=\"audio-23810-72\" preload=\"none\" style=\"width: 100%;\" controls=\"controls\"><source type=\"audio\/mpeg\" src=\"http:\/\/filadelfia.lutheran.hu\/wp-content\/uploads\/230618K.mp3?_=72\" \/><a href=\"http:\/\/filadelfia.lutheran.hu\/wp-content\/uploads\/230618K.mp3\">http:\/\/filadelfia.lutheran.hu\/wp-content\/uploads\/230618K.mp3<\/a><\/audio>\n<p><span style=\"color: #;\"> Kisv\u00e1rdai istentisztelet hangfelv\u00e9tele, 2023. j\u00fanius 18. &#8211; Alapige: Mt 23,37-39 <\/span><\/p>\n<audio class=\"wp-audio-shortcode\" id=\"audio-23810-73\" preload=\"none\" style=\"width: 100%;\" controls=\"controls\"><source type=\"audio\/mpeg\" src=\"http:\/\/filadelfia.lutheran.hu\/wp-content\/uploads\/230618Ny.mp3?_=73\" \/><a href=\"http:\/\/filadelfia.lutheran.hu\/wp-content\/uploads\/230618Ny.mp3\">http:\/\/filadelfia.lutheran.hu\/wp-content\/uploads\/230618Ny.mp3<\/a><\/audio>\n<p><span style=\"color: #;\">Ny\u00edrteleki istentisztelet hangfelv\u00e9tele, 2023. j\u00fanius 18. &#8211; Alapige: Mt 23,37-39 <\/span><\/p>\n<audio class=\"wp-audio-shortcode\" id=\"audio-23810-74\" preload=\"none\" style=\"width: 100%;\" controls=\"controls\"><source type=\"audio\/mpeg\" src=\"http:\/\/filadelfia.lutheran.hu\/wp-content\/uploads\/230611K.mp3?_=74\" \/><a href=\"http:\/\/filadelfia.lutheran.hu\/wp-content\/uploads\/230611K.mp3\">http:\/\/filadelfia.lutheran.hu\/wp-content\/uploads\/230611K.mp3<\/a><\/audio>\n<p><span style=\"color: #;\"> Kisv\u00e1rdai istentisztelet hangfelv\u00e9tele, 2023. j\u00fanius 11. &#8211; Alapige: Jn 5,39-47 <\/span><\/p>\n<audio class=\"wp-audio-shortcode\" id=\"audio-23810-75\" preload=\"none\" style=\"width: 100%;\" controls=\"controls\"><source type=\"audio\/mpeg\" src=\"http:\/\/filadelfia.lutheran.hu\/wp-content\/uploads\/230611Ny.mp3?_=75\" \/><a href=\"http:\/\/filadelfia.lutheran.hu\/wp-content\/uploads\/230611Ny.mp3\">http:\/\/filadelfia.lutheran.hu\/wp-content\/uploads\/230611Ny.mp3<\/a><\/audio>\n<p><span style=\"color: #;\">Ny\u00edrteleki istentisztelet hangfelv\u00e9tele, 2023. j\u00fanius 11. &#8211; Alapige: Jn 5,39-47  <\/span><\/p>\n<audio class=\"wp-audio-shortcode\" id=\"audio-23810-76\" preload=\"none\" style=\"width: 100%;\" controls=\"controls\"><source type=\"audio\/mpeg\" src=\"http:\/\/filadelfia.lutheran.hu\/wp-content\/uploads\/230604K.mp3?_=76\" \/><a href=\"http:\/\/filadelfia.lutheran.hu\/wp-content\/uploads\/230604K.mp3\">http:\/\/filadelfia.lutheran.hu\/wp-content\/uploads\/230604K.mp3<\/a><\/audio>\n<p><span style=\"color: #;\"> Kisv\u00e1rdai istentisztelet hangfelv\u00e9tele, 2023. j\u00fanius 4. &#8211; Alapige: Jn 17,1-10 <\/span><\/p>\n<audio class=\"wp-audio-shortcode\" id=\"audio-23810-77\" preload=\"none\" style=\"width: 100%;\" controls=\"controls\"><source type=\"audio\/mpeg\" src=\"http:\/\/filadelfia.lutheran.hu\/wp-content\/uploads\/230604Ny.mp3?_=77\" \/><a href=\"http:\/\/filadelfia.lutheran.hu\/wp-content\/uploads\/230604Ny.mp3\">http:\/\/filadelfia.lutheran.hu\/wp-content\/uploads\/230604Ny.mp3<\/a><\/audio>\n<p><span style=\"color: #;\">Ny\u00edrteleki istentisztelet hangfelv\u00e9tele, 2023. j\u00fanius 4. &#8211; Alapige: Jn 17,1-10  <\/span><\/p>\n<audio class=\"wp-audio-shortcode\" id=\"audio-23810-78\" preload=\"none\" style=\"width: 100%;\" controls=\"controls\"><source type=\"audio\/mpeg\" src=\"http:\/\/filadelfia.lutheran.hu\/wp-content\/uploads\/230527K-4.mp3?_=78\" \/><a href=\"http:\/\/filadelfia.lutheran.hu\/wp-content\/uploads\/230527K-4.mp3\">http:\/\/filadelfia.lutheran.hu\/wp-content\/uploads\/230527K-4.mp3<\/a><\/audio>\n<p><span style=\"color: #;\"> Kisv\u00e1rdai csendesnap, 2023. m\u00e1jus 27. &#8211; \u2026kapt\u00e1k a Szentlelket: ApCsel 10,34.42\u201348  <\/span><\/p>\n<audio class=\"wp-audio-shortcode\" id=\"audio-23810-79\" preload=\"none\" style=\"width: 100%;\" controls=\"controls\"><source type=\"audio\/mpeg\" src=\"http:\/\/filadelfia.lutheran.hu\/wp-content\/uploads\/230527K-3.mp3?_=79\" \/><a href=\"http:\/\/filadelfia.lutheran.hu\/wp-content\/uploads\/230527K-3.mp3\">http:\/\/filadelfia.lutheran.hu\/wp-content\/uploads\/230527K-3.mp3<\/a><\/audio>\n<p><span style=\"color: #;\"> Kisv\u00e1rdai csendesnap, 2023. m\u00e1jus 27. &#8211; Bizonys\u00e1gt\u00e9telek <\/span><\/p>\n<audio class=\"wp-audio-shortcode\" id=\"audio-23810-80\" preload=\"none\" style=\"width: 100%;\" controls=\"controls\"><source type=\"audio\/mpeg\" src=\"http:\/\/filadelfia.lutheran.hu\/wp-content\/uploads\/230527K-2.mp3?_=80\" \/><a href=\"http:\/\/filadelfia.lutheran.hu\/wp-content\/uploads\/230527K-2.mp3\">http:\/\/filadelfia.lutheran.hu\/wp-content\/uploads\/230527K-2.mp3<\/a><\/audio>\n<p><span style=\"color: #;\"> Kisv\u00e1rdai csendesnap, 2023. m\u00e1jus 27. &#8211; A L\u00e9lek munk\u00e1ja: \u00e9l\u0151 hit \u00e9s \u00e9l\u0151 gy\u00fclekezet  <\/span><\/p>\n<audio class=\"wp-audio-shortcode\" id=\"audio-23810-81\" preload=\"none\" style=\"width: 100%;\" controls=\"controls\"><source type=\"audio\/mpeg\" src=\"http:\/\/filadelfia.lutheran.hu\/wp-content\/uploads\/230527K-1.mp3?_=81\" \/><a href=\"http:\/\/filadelfia.lutheran.hu\/wp-content\/uploads\/230527K-1.mp3\">http:\/\/filadelfia.lutheran.hu\/wp-content\/uploads\/230527K-1.mp3<\/a><\/audio>\n<p><span style=\"color: #;\"> Kisv\u00e1rdai csendesnap, 2023. m\u00e1jus 27. &#8211; A p\u00fcnk\u00f6sdi t\u00f6rt\u00e9net: ApCsel 2  <\/span><\/p>\n<audio class=\"wp-audio-shortcode\" id=\"audio-23810-82\" preload=\"none\" style=\"width: 100%;\" controls=\"controls\"><source type=\"audio\/mpeg\" src=\"http:\/\/filadelfia.lutheran.hu\/wp-content\/uploads\/230528K.mp3?_=82\" \/><a href=\"http:\/\/filadelfia.lutheran.hu\/wp-content\/uploads\/230528K.mp3\">http:\/\/filadelfia.lutheran.hu\/wp-content\/uploads\/230528K.mp3<\/a><\/audio>\n<p><span style=\"color: #;\"> Kisv\u00e1rdai istentisztelet hangfelv\u00e9tele, 2023. m\u00e1jus 28. &#8211; Alapige: Lk 11,9-13 <\/span><\/p>\n<audio class=\"wp-audio-shortcode\" id=\"audio-23810-83\" preload=\"none\" style=\"width: 100%;\" controls=\"controls\"><source type=\"audio\/mpeg\" src=\"http:\/\/filadelfia.lutheran.hu\/wp-content\/uploads\/230528Ny.mp3?_=83\" \/><a href=\"http:\/\/filadelfia.lutheran.hu\/wp-content\/uploads\/230528Ny.mp3\">http:\/\/filadelfia.lutheran.hu\/wp-content\/uploads\/230528Ny.mp3<\/a><\/audio>\n<p><span style=\"color: #;\">Ny\u00edrteleki istentisztelet hangfelv\u00e9tele, 2023. m\u00e1jus 28. &#8211; Alapige: Lk 11,9-13 <\/span><\/p>\n<audio class=\"wp-audio-shortcode\" id=\"audio-23810-84\" preload=\"none\" style=\"width: 100%;\" controls=\"controls\"><source type=\"audio\/mpeg\" src=\"http:\/\/filadelfia.lutheran.hu\/wp-content\/uploads\/230521K.mp3?_=84\" \/><a href=\"http:\/\/filadelfia.lutheran.hu\/wp-content\/uploads\/230521K.mp3\">http:\/\/filadelfia.lutheran.hu\/wp-content\/uploads\/230521K.mp3<\/a><\/audio>\n<p><span style=\"color: #;\"> Kisv\u00e1rdai istentisztelet hangfelv\u00e9tele, 2023. m\u00e1jus 21. &#8211; Alapige: R\u00f3m 14,13-19  <\/span><\/p>\n<audio class=\"wp-audio-shortcode\" id=\"audio-23810-85\" preload=\"none\" style=\"width: 100%;\" controls=\"controls\"><source type=\"audio\/mpeg\" src=\"http:\/\/filadelfia.lutheran.hu\/wp-content\/uploads\/230521Ny.mp3?_=85\" \/><a href=\"http:\/\/filadelfia.lutheran.hu\/wp-content\/uploads\/230521Ny.mp3\">http:\/\/filadelfia.lutheran.hu\/wp-content\/uploads\/230521Ny.mp3<\/a><\/audio>\n<p><span style=\"color: #;\">Ny\u00edrteleki istentisztelet hangfelv\u00e9tele, 2023. m\u00e1jus 21. &#8211; Alapige: R\u00f3m 14,13-19 <\/span><\/p>\n<audio class=\"wp-audio-shortcode\" id=\"audio-23810-86\" preload=\"none\" style=\"width: 100%;\" controls=\"controls\"><source type=\"audio\/mpeg\" src=\"http:\/\/filadelfia.lutheran.hu\/wp-content\/uploads\/230514Malyi.mp3?_=86\" \/><a href=\"http:\/\/filadelfia.lutheran.hu\/wp-content\/uploads\/230514Malyi.mp3\">http:\/\/filadelfia.lutheran.hu\/wp-content\/uploads\/230514Malyi.mp3<\/a><\/audio>\n<p><span style=\"color: #;\"> Vas\u00e1rnapi istentisztelet, M\u00e1lyi gy\u00fclekezeti h\u00e9tv\u00e9ge, 2023. m\u00e1jus 14. &#8211; Alapige: Kol 4,2-4<\/span><\/p>\n<audio class=\"wp-audio-shortcode\" id=\"audio-23810-87\" preload=\"none\" style=\"width: 100%;\" controls=\"controls\"><source type=\"audio\/mpeg\" src=\"http:\/\/filadelfia.lutheran.hu\/wp-content\/uploads\/230513du-Malyi.mp3?_=87\" \/><a href=\"http:\/\/filadelfia.lutheran.hu\/wp-content\/uploads\/230513du-Malyi.mp3\">http:\/\/filadelfia.lutheran.hu\/wp-content\/uploads\/230513du-Malyi.mp3<\/a><\/audio>\n<p><span style=\"color: #;\"> D\u00e9lut\u00e1ni igehirdet\u00e9s, M\u00e1lyi gy\u00fclekezeti h\u00e9tv\u00e9ge, 2023. m\u00e1jus 13. Alapige: Jer 15,20 <\/span><\/p>\n<audio class=\"wp-audio-shortcode\" id=\"audio-23810-88\" preload=\"none\" style=\"width: 100%;\" controls=\"controls\"><source type=\"audio\/mpeg\" src=\"http:\/\/filadelfia.lutheran.hu\/wp-content\/uploads\/230513de-Malyi.mp3?_=88\" \/><a href=\"http:\/\/filadelfia.lutheran.hu\/wp-content\/uploads\/230513de-Malyi.mp3\">http:\/\/filadelfia.lutheran.hu\/wp-content\/uploads\/230513de-Malyi.mp3<\/a><\/audio>\n<p><span style=\"color: #;\"> D\u00e9lel\u0151tti igehirdet\u00e9s, M\u00e1lyi gy\u00fclekezeti h\u00e9tv\u00e9ge, 2023. m\u00e1jus 13. Alapige: R\u00f3m 1,20<\/span><\/p>\n<audio class=\"wp-audio-shortcode\" id=\"audio-23810-89\" preload=\"none\" style=\"width: 100%;\" controls=\"controls\"><source type=\"audio\/mpeg\" src=\"http:\/\/filadelfia.lutheran.hu\/wp-content\/uploads\/230512Malyi.mp3?_=89\" \/><a href=\"http:\/\/filadelfia.lutheran.hu\/wp-content\/uploads\/230512Malyi.mp3\">http:\/\/filadelfia.lutheran.hu\/wp-content\/uploads\/230512Malyi.mp3<\/a><\/audio>\n<p><span style=\"color: #;\"> Nyit\u00f3 \u00e1h\u00edtat, M\u00e1lyi gy\u00fclekezeti h\u00e9tv\u00e9ge, 2023. m\u00e1jus 12. Alapige: Jn 16,22 <\/span><\/p>\n<audio class=\"wp-audio-shortcode\" id=\"audio-23810-90\" preload=\"none\" style=\"width: 100%;\" controls=\"controls\"><source type=\"audio\/mpeg\" src=\"http:\/\/filadelfia.lutheran.hu\/wp-content\/uploads\/230507K.mp3?_=90\" \/><a href=\"http:\/\/filadelfia.lutheran.hu\/wp-content\/uploads\/230507K.mp3\">http:\/\/filadelfia.lutheran.hu\/wp-content\/uploads\/230507K.mp3<\/a><\/audio>\n<p><span style=\"color: #;\"> Kisv\u00e1rdai istentisztelet hangfelv\u00e9tele, 2023. m\u00e1jus 7. <\/span><\/p>\n<audio class=\"wp-audio-shortcode\" id=\"audio-23810-91\" preload=\"none\" style=\"width: 100%;\" controls=\"controls\"><source type=\"audio\/mpeg\" src=\"http:\/\/filadelfia.lutheran.hu\/wp-content\/uploads\/230507Ny.mp3?_=91\" \/><a href=\"http:\/\/filadelfia.lutheran.hu\/wp-content\/uploads\/230507Ny.mp3\">http:\/\/filadelfia.lutheran.hu\/wp-content\/uploads\/230507Ny.mp3<\/a><\/audio>\n<p><span style=\"color: #;\">Ny\u00edrteleki istentisztelet hangfelv\u00e9tele, 2023. m\u00e1jus 7.<\/span><\/p>\n<audio class=\"wp-audio-shortcode\" id=\"audio-23810-92\" preload=\"none\" style=\"width: 100%;\" controls=\"controls\"><source type=\"audio\/mpeg\" src=\"http:\/\/filadelfia.lutheran.hu\/wp-content\/uploads\/230430K.mp3?_=92\" \/><a href=\"http:\/\/filadelfia.lutheran.hu\/wp-content\/uploads\/230430K.mp3\">http:\/\/filadelfia.lutheran.hu\/wp-content\/uploads\/230430K.mp3<\/a><\/audio>\n<p><span style=\"color: #;\"> Kisv\u00e1rdai istentisztelet hangfelv\u00e9tele, 2023. \u00e1prilis 30. <\/span><\/p>\n<audio class=\"wp-audio-shortcode\" id=\"audio-23810-93\" preload=\"none\" style=\"width: 100%;\" controls=\"controls\"><source type=\"audio\/mpeg\" src=\"http:\/\/filadelfia.lutheran.hu\/wp-content\/uploads\/230430Ny.mp3?_=93\" \/><a href=\"http:\/\/filadelfia.lutheran.hu\/wp-content\/uploads\/230430Ny.mp3\">http:\/\/filadelfia.lutheran.hu\/wp-content\/uploads\/230430Ny.mp3<\/a><\/audio>\n<p><span style=\"color: #;\">Ny\u00edrteleki istentisztelet hangfelv\u00e9tele, 2023. \u00e1prilis 30.<\/span><\/p>\n<p><a href=\"https:\/\/www.youtube.com\/watch?v=wMKSo0wiBfw\">GAS-vas\u00e1rnap &#8211; Debreceni istentisztelet vide\u00f3felv\u00e9tele ITT, 2023. \u00e1prilis 23.<\/a><\/p>\n<audio class=\"wp-audio-shortcode\" id=\"audio-23810-94\" preload=\"none\" style=\"width: 100%;\" controls=\"controls\"><source type=\"audio\/mpeg\" src=\"http:\/\/filadelfia.lutheran.hu\/wp-content\/uploads\/230423K.mp3?_=94\" \/><a href=\"http:\/\/filadelfia.lutheran.hu\/wp-content\/uploads\/230423K.mp3\">http:\/\/filadelfia.lutheran.hu\/wp-content\/uploads\/230423K.mp3<\/a><\/audio>\n<p><span style=\"color: #;\"> GAS-vas\u00e1rnap &#8211; Kisv\u00e1rdai istentisztelet hangfelv\u00e9tele, 2023. \u00e1prilis 23. <\/span><\/p>\n<audio class=\"wp-audio-shortcode\" id=\"audio-23810-95\" preload=\"none\" style=\"width: 100%;\" controls=\"controls\"><source type=\"audio\/mpeg\" src=\"http:\/\/filadelfia.lutheran.hu\/wp-content\/uploads\/230423Ny.mp3?_=95\" \/><a href=\"http:\/\/filadelfia.lutheran.hu\/wp-content\/uploads\/230423Ny.mp3\">http:\/\/filadelfia.lutheran.hu\/wp-content\/uploads\/230423Ny.mp3<\/a><\/audio>\n<p><span style=\"color: #;\">Ny\u00edrteleki istentisztelet hangfelv\u00e9tele, 2023. \u00e1prilis 23.<\/span><\/p>\n<audio class=\"wp-audio-shortcode\" id=\"audio-23810-96\" preload=\"none\" style=\"width: 100%;\" controls=\"controls\"><source type=\"audio\/mpeg\" src=\"http:\/\/filadelfia.lutheran.hu\/wp-content\/uploads\/230416G.mp3?_=96\" \/><a href=\"http:\/\/filadelfia.lutheran.hu\/wp-content\/uploads\/230416G.mp3\">http:\/\/filadelfia.lutheran.hu\/wp-content\/uploads\/230416G.mp3<\/a><\/audio>\n<p><span style=\"color: #;\">Igehirdet\u00e9s a g\u00f6r\u00f6gsz\u00e1ll\u00e1si istentiszteleten, 2023. \u00e1prilis 16. <\/span><\/p>\n<audio class=\"wp-audio-shortcode\" id=\"audio-23810-97\" preload=\"none\" style=\"width: 100%;\" controls=\"controls\"><source type=\"audio\/mpeg\" src=\"http:\/\/filadelfia.lutheran.hu\/wp-content\/uploads\/230416K.mp3?_=97\" \/><a href=\"http:\/\/filadelfia.lutheran.hu\/wp-content\/uploads\/230416K.mp3\">http:\/\/filadelfia.lutheran.hu\/wp-content\/uploads\/230416K.mp3<\/a><\/audio>\n<p><span style=\"color: #;\">Kisv\u00e1rdai istentisztelet, 2023. \u00e1prilis 16. <\/span><\/p>\n<audio class=\"wp-audio-shortcode\" id=\"audio-23810-98\" preload=\"none\" style=\"width: 100%;\" controls=\"controls\"><source type=\"audio\/mpeg\" src=\"http:\/\/filadelfia.lutheran.hu\/wp-content\/uploads\/230409K.mp3?_=98\" \/><a href=\"http:\/\/filadelfia.lutheran.hu\/wp-content\/uploads\/230409K.mp3\">http:\/\/filadelfia.lutheran.hu\/wp-content\/uploads\/230409K.mp3<\/a><\/audio>\n<p><span style=\"color: #;\">\u00dcnnepi istentisztelet Kisv\u00e1rd\u00e1n, 2023. \u00e1prilis 9. <\/span><\/p>\n<audio class=\"wp-audio-shortcode\" id=\"audio-23810-99\" preload=\"none\" style=\"width: 100%;\" controls=\"controls\"><source type=\"audio\/mpeg\" src=\"http:\/\/filadelfia.lutheran.hu\/wp-content\/uploads\/230409Ny.mp3?_=99\" \/><a href=\"http:\/\/filadelfia.lutheran.hu\/wp-content\/uploads\/230409Ny.mp3\">http:\/\/filadelfia.lutheran.hu\/wp-content\/uploads\/230409Ny.mp3<\/a><\/audio>\n<p><span style=\"color: #;\">\u00dcnnepi istentisztelet Ny\u00edrteleken, 2023. \u00e1prilis 9. <\/span><\/p>\n<audio class=\"wp-audio-shortcode\" id=\"audio-23810-100\" preload=\"none\" style=\"width: 100%;\" controls=\"controls\"><source type=\"audio\/mpeg\" src=\"http:\/\/filadelfia.lutheran.hu\/wp-content\/uploads\/230407Ny.mp3?_=100\" \/><a href=\"http:\/\/filadelfia.lutheran.hu\/wp-content\/uploads\/230407Ny.mp3\">http:\/\/filadelfia.lutheran.hu\/wp-content\/uploads\/230407Ny.mp3<\/a><\/audio>\n<p><span style=\"color: #;\">Ny\u00edrteleki passi\u00f3i istentisztelet, 2023. \u00e1prilis 7. <\/span><\/p>\n<audio class=\"wp-audio-shortcode\" id=\"audio-23810-101\" preload=\"none\" style=\"width: 100%;\" controls=\"controls\"><source type=\"audio\/mpeg\" src=\"http:\/\/filadelfia.lutheran.hu\/wp-content\/uploads\/230407K.mp3?_=101\" \/><a href=\"http:\/\/filadelfia.lutheran.hu\/wp-content\/uploads\/230407K.mp3\">http:\/\/filadelfia.lutheran.hu\/wp-content\/uploads\/230407K.mp3<\/a><\/audio>\n<p><span style=\"color: #;\">Istentisztelet a Kossuth r\u00e1di\u00f3ban (saj\u00e1t felv\u00e9tel\u00fcnk), Kisv\u00e1rda, 2023.04.07. <\/span><br \/>\n<a href=\"https:\/\/mediaklikk.hu\/radio-lejatszo-kossuth\/?date=2023-04-07_10-03-59&#038;enddate=2023-04-07_10-59-44&#038;ch=mr1&#038;fbclid=IwAR1SuGb0Mu6S7ZyMFsyE_P1pQwMD3GASqv6QyPId1r2c0XwiPV9zbkvlh68\">A Kossuth r\u00e1di\u00f3 \u00e1ltal r\u00f6gz\u00edtett felv\u00e9tel 60 napig \u00e9rhet\u0151 el <strong>ITT.<\/strong><\/a><\/p>\n<audio class=\"wp-audio-shortcode\" id=\"audio-23810-102\" preload=\"none\" style=\"width: 100%;\" controls=\"controls\"><source type=\"audio\/mpeg\" src=\"http:\/\/filadelfia.lutheran.hu\/wp-content\/uploads\/230402K.mp3?_=102\" \/><a href=\"http:\/\/filadelfia.lutheran.hu\/wp-content\/uploads\/230402K.mp3\">http:\/\/filadelfia.lutheran.hu\/wp-content\/uploads\/230402K.mp3<\/a><\/audio>\n<p><span style=\"color: #;\">Kisv\u00e1rdai istentisztelet, 2023. \u00e1prilis 2. <\/span><\/p>\n<audio class=\"wp-audio-shortcode\" id=\"audio-23810-103\" preload=\"none\" style=\"width: 100%;\" controls=\"controls\"><source type=\"audio\/mpeg\" src=\"http:\/\/filadelfia.lutheran.hu\/wp-content\/uploads\/230402Ny.mp3?_=103\" \/><a href=\"http:\/\/filadelfia.lutheran.hu\/wp-content\/uploads\/230402Ny.mp3\">http:\/\/filadelfia.lutheran.hu\/wp-content\/uploads\/230402Ny.mp3<\/a><\/audio>\n<p><span style=\"color: #;\">Ny\u00edrteleki istentisztelet, 2023. \u00e1prilis 2. <\/span><\/p>\n<audio class=\"wp-audio-shortcode\" id=\"audio-23810-104\" preload=\"none\" style=\"width: 100%;\" controls=\"controls\"><source type=\"audio\/mpeg\" src=\"http:\/\/filadelfia.lutheran.hu\/wp-content\/uploads\/230326K.mp3?_=104\" \/><a href=\"http:\/\/filadelfia.lutheran.hu\/wp-content\/uploads\/230326K.mp3\">http:\/\/filadelfia.lutheran.hu\/wp-content\/uploads\/230326K.mp3<\/a><\/audio>\n<p><span style=\"color: #;\">Kisv\u00e1rdai istentisztelet, 2023. m\u00e1rcius 26. <\/span><\/p>\n<audio class=\"wp-audio-shortcode\" id=\"audio-23810-105\" preload=\"none\" style=\"width: 100%;\" controls=\"controls\"><source type=\"audio\/mpeg\" src=\"http:\/\/filadelfia.lutheran.hu\/wp-content\/uploads\/230326Ny.mp3?_=105\" \/><a href=\"http:\/\/filadelfia.lutheran.hu\/wp-content\/uploads\/230326Ny.mp3\">http:\/\/filadelfia.lutheran.hu\/wp-content\/uploads\/230326Ny.mp3<\/a><\/audio>\n<p><span style=\"color: #;\">Ny\u00edrteleki istentisztelet, 2023. m\u00e1rcius 26. <\/span><\/p>\n<audio class=\"wp-audio-shortcode\" id=\"audio-23810-106\" preload=\"none\" style=\"width: 100%;\" controls=\"controls\"><source type=\"audio\/mpeg\" src=\"http:\/\/filadelfia.lutheran.hu\/wp-content\/uploads\/2023\/03\/230319K.mp3?_=106\" \/><a href=\"http:\/\/filadelfia.lutheran.hu\/wp-content\/uploads\/2023\/03\/230319K.mp3\">http:\/\/filadelfia.lutheran.hu\/wp-content\/uploads\/2023\/03\/230319K.mp3<\/a><\/audio>\n<p><span style=\"color: #;\">Kisv\u00e1rdai istentisztelet, 2023. m\u00e1rcius 19. <\/span><\/p>\n<audio class=\"wp-audio-shortcode\" id=\"audio-23810-107\" preload=\"none\" style=\"width: 100%;\" controls=\"controls\"><source type=\"audio\/mpeg\" src=\"http:\/\/filadelfia.lutheran.hu\/wp-content\/uploads\/2023\/03\/230319Ny.mp3?_=107\" \/><a href=\"http:\/\/filadelfia.lutheran.hu\/wp-content\/uploads\/2023\/03\/230319Ny.mp3\">http:\/\/filadelfia.lutheran.hu\/wp-content\/uploads\/2023\/03\/230319Ny.mp3<\/a><\/audio>\n<p><span style=\"color: #;\">Ny\u00edrteleki istentisztelet, 2023. m\u00e1rcius 19. <\/span><\/p>\n<audio class=\"wp-audio-shortcode\" id=\"audio-23810-108\" preload=\"none\" style=\"width: 100%;\" controls=\"controls\"><source type=\"audio\/mpeg\" src=\"http:\/\/filadelfia.lutheran.hu\/wp-content\/uploads\/2023\/03\/230312K.mp3?_=108\" \/><a href=\"http:\/\/filadelfia.lutheran.hu\/wp-content\/uploads\/2023\/03\/230312K.mp3\">http:\/\/filadelfia.lutheran.hu\/wp-content\/uploads\/2023\/03\/230312K.mp3<\/a><\/audio>\n<p><span style=\"color: #;\">Kisv\u00e1rdai istentisztelet, 2023. m\u00e1rcius 12. <\/span><\/p>\n<audio class=\"wp-audio-shortcode\" id=\"audio-23810-109\" preload=\"none\" style=\"width: 100%;\" controls=\"controls\"><source type=\"audio\/mpeg\" src=\"http:\/\/filadelfia.lutheran.hu\/wp-content\/uploads\/2023\/03\/230312Ny.mp3?_=109\" \/><a href=\"http:\/\/filadelfia.lutheran.hu\/wp-content\/uploads\/2023\/03\/230312Ny.mp3\">http:\/\/filadelfia.lutheran.hu\/wp-content\/uploads\/2023\/03\/230312Ny.mp3<\/a><\/audio>\n<p><span style=\"color: #;\">Ny\u00edrteleki istentisztelet, 2023. m\u00e1rcius 12. <\/span><\/p>\n<audio class=\"wp-audio-shortcode\" id=\"audio-23810-110\" preload=\"none\" style=\"width: 100%;\" controls=\"controls\"><source type=\"audio\/mpeg\" src=\"http:\/\/filadelfia.lutheran.hu\/wp-content\/uploads\/2023\/03\/230305K.mp3?_=110\" \/><a href=\"http:\/\/filadelfia.lutheran.hu\/wp-content\/uploads\/2023\/03\/230305K.mp3\">http:\/\/filadelfia.lutheran.hu\/wp-content\/uploads\/2023\/03\/230305K.mp3<\/a><\/audio>\n<p><span style=\"color: #;\">Kisv\u00e1rdai istentisztelet, 2023. m\u00e1rcius 5. <\/span><\/p>\n<audio class=\"wp-audio-shortcode\" id=\"audio-23810-111\" preload=\"none\" style=\"width: 100%;\" controls=\"controls\"><source type=\"audio\/mpeg\" src=\"http:\/\/filadelfia.lutheran.hu\/wp-content\/uploads\/2023\/03\/230305Ny.mp3?_=111\" \/><a href=\"http:\/\/filadelfia.lutheran.hu\/wp-content\/uploads\/2023\/03\/230305Ny.mp3\">http:\/\/filadelfia.lutheran.hu\/wp-content\/uploads\/2023\/03\/230305Ny.mp3<\/a><\/audio>\n<p><span style=\"color: #;\">Ny\u00edrteleki istentisztelet, 2023. m\u00e1rcius 5. <\/span><\/p>\n<audio class=\"wp-audio-shortcode\" id=\"audio-23810-112\" preload=\"none\" style=\"width: 100%;\" controls=\"controls\"><source type=\"audio\/mpeg\" src=\"http:\/\/filadelfia.lutheran.hu\/wp-content\/uploads\/2023\/02\/230226K.mp3?_=112\" \/><a href=\"http:\/\/filadelfia.lutheran.hu\/wp-content\/uploads\/2023\/02\/230226K.mp3\">http:\/\/filadelfia.lutheran.hu\/wp-content\/uploads\/2023\/02\/230226K.mp3<\/a><\/audio>\n<p><span style=\"color: #;\">Kisv\u00e1rdai istentisztelet, 2023. febru\u00e1r 26. <\/span><\/p>\n<audio class=\"wp-audio-shortcode\" id=\"audio-23810-113\" preload=\"none\" style=\"width: 100%;\" controls=\"controls\"><source type=\"audio\/mpeg\" src=\"http:\/\/filadelfia.lutheran.hu\/wp-content\/uploads\/2023\/02\/230226Ny.mp3?_=113\" \/><a href=\"http:\/\/filadelfia.lutheran.hu\/wp-content\/uploads\/2023\/02\/230226Ny.mp3\">http:\/\/filadelfia.lutheran.hu\/wp-content\/uploads\/2023\/02\/230226Ny.mp3<\/a><\/audio>\n<p><span style=\"color: #;\">Ny\u00edrteleki istentisztelet, 2023. febru\u00e1r 26. <\/span><\/p>\n<audio class=\"wp-audio-shortcode\" id=\"audio-23810-114\" preload=\"none\" style=\"width: 100%;\" controls=\"controls\"><source type=\"audio\/mpeg\" src=\"http:\/\/filadelfia.lutheran.hu\/wp-content\/uploads\/2023\/02\/230219K.mp3?_=114\" \/><a href=\"http:\/\/filadelfia.lutheran.hu\/wp-content\/uploads\/2023\/02\/230219K.mp3\">http:\/\/filadelfia.lutheran.hu\/wp-content\/uploads\/2023\/02\/230219K.mp3<\/a><\/audio>\n<p><span style=\"color: #;\">Kisv\u00e1rdai istentisztelet, 2023. febru\u00e1r 19. <\/span><\/p>\n<audio class=\"wp-audio-shortcode\" id=\"audio-23810-115\" preload=\"none\" style=\"width: 100%;\" controls=\"controls\"><source type=\"audio\/mpeg\" src=\"http:\/\/filadelfia.lutheran.hu\/wp-content\/uploads\/2023\/02\/230219Ny.mp3?_=115\" \/><a href=\"http:\/\/filadelfia.lutheran.hu\/wp-content\/uploads\/2023\/02\/230219Ny.mp3\">http:\/\/filadelfia.lutheran.hu\/wp-content\/uploads\/2023\/02\/230219Ny.mp3<\/a><\/audio>\n<p><span style=\"color: #;\">Ny\u00edrteleki istentisztelet, 2023. febru\u00e1r 19. <\/span><\/p>\n<audio class=\"wp-audio-shortcode\" id=\"audio-23810-116\" preload=\"none\" style=\"width: 100%;\" controls=\"controls\"><source type=\"audio\/mpeg\" src=\"http:\/\/filadelfia.lutheran.hu\/wp-content\/uploads\/2023\/02\/230212K.mp3?_=116\" \/><a href=\"http:\/\/filadelfia.lutheran.hu\/wp-content\/uploads\/2023\/02\/230212K.mp3\">http:\/\/filadelfia.lutheran.hu\/wp-content\/uploads\/2023\/02\/230212K.mp3<\/a><\/audio>\n<p><span style=\"color: #;\">Kisv\u00e1rdai istentisztelet, 2023. febru\u00e1r 12. <\/span><\/p>\n<audio class=\"wp-audio-shortcode\" id=\"audio-23810-117\" preload=\"none\" style=\"width: 100%;\" controls=\"controls\"><source type=\"audio\/mpeg\" src=\"http:\/\/filadelfia.lutheran.hu\/wp-content\/uploads\/2023\/02\/230212Ny.mp3?_=117\" \/><a href=\"http:\/\/filadelfia.lutheran.hu\/wp-content\/uploads\/2023\/02\/230212Ny.mp3\">http:\/\/filadelfia.lutheran.hu\/wp-content\/uploads\/2023\/02\/230212Ny.mp3<\/a><\/audio>\n<p><span style=\"color: #;\">Ny\u00edrteleki istentisztelet, 2023. febru\u00e1r 12. <\/span><\/p>\n<audio class=\"wp-audio-shortcode\" id=\"audio-23810-118\" preload=\"none\" style=\"width: 100%;\" controls=\"controls\"><source type=\"audio\/mpeg\" src=\"http:\/\/filadelfia.lutheran.hu\/wp-content\/uploads\/2023\/02\/230205K.mp3?_=118\" \/><a href=\"http:\/\/filadelfia.lutheran.hu\/wp-content\/uploads\/2023\/02\/230205K.mp3\">http:\/\/filadelfia.lutheran.hu\/wp-content\/uploads\/2023\/02\/230205K.mp3<\/a><\/audio>\n<p><span style=\"color: #;\">Kisv\u00e1rdai igehirdet\u00e9s, 2023. febru\u00e1r 5. <\/span><\/p>\n<audio class=\"wp-audio-shortcode\" id=\"audio-23810-119\" preload=\"none\" style=\"width: 100%;\" controls=\"controls\"><source type=\"audio\/mpeg\" src=\"http:\/\/filadelfia.lutheran.hu\/wp-content\/uploads\/2023\/02\/230205Ny.mp3?_=119\" \/><a href=\"http:\/\/filadelfia.lutheran.hu\/wp-content\/uploads\/2023\/02\/230205Ny.mp3\">http:\/\/filadelfia.lutheran.hu\/wp-content\/uploads\/2023\/02\/230205Ny.mp3<\/a><\/audio>\n<p><span style=\"color: #;\">Ny\u00edrteleki istentisztelet, 2023. febru\u00e1r 5. <\/span><\/p>\n<audio class=\"wp-audio-shortcode\" id=\"audio-23810-120\" preload=\"none\" style=\"width: 100%;\" controls=\"controls\"><source type=\"audio\/mpeg\" src=\"http:\/\/filadelfia.lutheran.hu\/wp-content\/uploads\/2023\/01\/230129K.mp3?_=120\" \/><a href=\"http:\/\/filadelfia.lutheran.hu\/wp-content\/uploads\/2023\/01\/230129K.mp3\">http:\/\/filadelfia.lutheran.hu\/wp-content\/uploads\/2023\/01\/230129K.mp3<\/a><\/audio>\n<p><span style=\"color: #;\">Kisv\u00e1rdai istentisztelet, 2023. janu\u00e1r 29. <\/span><\/p>\n<audio class=\"wp-audio-shortcode\" id=\"audio-23810-121\" preload=\"none\" style=\"width: 100%;\" controls=\"controls\"><source type=\"audio\/mpeg\" src=\"http:\/\/filadelfia.lutheran.hu\/wp-content\/uploads\/2023\/01\/230129Ny.mp3?_=121\" \/><a href=\"http:\/\/filadelfia.lutheran.hu\/wp-content\/uploads\/2023\/01\/230129Ny.mp3\">http:\/\/filadelfia.lutheran.hu\/wp-content\/uploads\/2023\/01\/230129Ny.mp3<\/a><\/audio>\n<p><span style=\"color: #;\">Ny\u00edrteleki istentisztelet, 2023. janu\u00e1r 29. <\/span><\/p>\n<audio class=\"wp-audio-shortcode\" id=\"audio-23810-122\" preload=\"none\" style=\"width: 100%;\" controls=\"controls\"><source type=\"audio\/mpeg\" src=\"http:\/\/filadelfia.lutheran.hu\/wp-content\/uploads\/2023\/01\/230122K.mp3?_=122\" \/><a href=\"http:\/\/filadelfia.lutheran.hu\/wp-content\/uploads\/2023\/01\/230122K.mp3\">http:\/\/filadelfia.lutheran.hu\/wp-content\/uploads\/2023\/01\/230122K.mp3<\/a><\/audio>\n<p><span style=\"color: #;\">Kisv\u00e1rdai istentisztelet, 2023. janu\u00e1r 22. <\/span><\/p>\n<audio class=\"wp-audio-shortcode\" id=\"audio-23810-123\" preload=\"none\" style=\"width: 100%;\" controls=\"controls\"><source type=\"audio\/mpeg\" src=\"http:\/\/filadelfia.lutheran.hu\/wp-content\/uploads\/2023\/01\/230122Ny.mp3?_=123\" \/><a href=\"http:\/\/filadelfia.lutheran.hu\/wp-content\/uploads\/2023\/01\/230122Ny.mp3\">http:\/\/filadelfia.lutheran.hu\/wp-content\/uploads\/2023\/01\/230122Ny.mp3<\/a><\/audio>\n<p><span style=\"color: #;\">Ny\u00edrteleki istentisztelet, 2023. janu\u00e1r 22. <\/span><\/p>\n<audio class=\"wp-audio-shortcode\" id=\"audio-23810-124\" preload=\"none\" style=\"width: 100%;\" controls=\"controls\"><source type=\"audio\/mpeg\" src=\"http:\/\/filadelfia.lutheran.hu\/wp-content\/uploads\/2023\/01\/230118K.mp3?_=124\" \/><a href=\"http:\/\/filadelfia.lutheran.hu\/wp-content\/uploads\/2023\/01\/230118K.mp3\">http:\/\/filadelfia.lutheran.hu\/wp-content\/uploads\/2023\/01\/230118K.mp3<\/a><\/audio>\n<p><span style=\"color: #;\">\u00d6kumenikus imah\u00e9t Kisv\u00e1rd\u00e1n, 2023. janu\u00e1r 18. <\/span><\/p>\n<audio class=\"wp-audio-shortcode\" id=\"audio-23810-125\" preload=\"none\" style=\"width: 100%;\" controls=\"controls\"><source type=\"audio\/mpeg\" src=\"http:\/\/filadelfia.lutheran.hu\/wp-content\/uploads\/2023\/01\/230117K.mp3?_=125\" \/><a href=\"http:\/\/filadelfia.lutheran.hu\/wp-content\/uploads\/2023\/01\/230117K.mp3\">http:\/\/filadelfia.lutheran.hu\/wp-content\/uploads\/2023\/01\/230117K.mp3<\/a><\/audio>\n<p><span style=\"color: #;\">\u00d6kumenikus imah\u00e9t Kisv\u00e1rd\u00e1n, 2023. janu\u00e1r 17. <\/span><\/p>\n<audio class=\"wp-audio-shortcode\" id=\"audio-23810-126\" preload=\"none\" style=\"width: 100%;\" controls=\"controls\"><source type=\"audio\/mpeg\" src=\"http:\/\/filadelfia.lutheran.hu\/wp-content\/uploads\/2023\/01\/230115A.mp3?_=126\" \/><a href=\"http:\/\/filadelfia.lutheran.hu\/wp-content\/uploads\/2023\/01\/230115A.mp3\">http:\/\/filadelfia.lutheran.hu\/wp-content\/uploads\/2023\/01\/230115A.mp3<\/a><\/audio>\n<p><span style=\"color: #;\">Kisv\u00e1rdai Aliansz alkalom, 2023. janu\u00e1r 15. <\/span><\/p>\n<audio class=\"wp-audio-shortcode\" id=\"audio-23810-127\" preload=\"none\" style=\"width: 100%;\" controls=\"controls\"><source type=\"audio\/mpeg\" src=\"http:\/\/filadelfia.lutheran.hu\/wp-content\/uploads\/2023\/01\/230115K.mp3?_=127\" \/><a href=\"http:\/\/filadelfia.lutheran.hu\/wp-content\/uploads\/2023\/01\/230115K.mp3\">http:\/\/filadelfia.lutheran.hu\/wp-content\/uploads\/2023\/01\/230115K.mp3<\/a><\/audio>\n<p><span style=\"color: #;\">Kisv\u00e1rdai istentisztelet, 2023. janu\u00e1r 15. <\/span><\/p>\n<audio class=\"wp-audio-shortcode\" id=\"audio-23810-128\" preload=\"none\" style=\"width: 100%;\" controls=\"controls\"><source type=\"audio\/mpeg\" src=\"http:\/\/filadelfia.lutheran.hu\/wp-content\/uploads\/2023\/01\/230115Ny.mp3?_=128\" \/><a href=\"http:\/\/filadelfia.lutheran.hu\/wp-content\/uploads\/2023\/01\/230115Ny.mp3\">http:\/\/filadelfia.lutheran.hu\/wp-content\/uploads\/2023\/01\/230115Ny.mp3<\/a><\/audio>\n<p><span style=\"color: #;\">Ny\u00edrteleki istentisztelet, 2023. janu\u00e1r 15. <\/span><\/p>\n<audio class=\"wp-audio-shortcode\" id=\"audio-23810-129\" preload=\"none\" style=\"width: 100%;\" controls=\"controls\"><source type=\"audio\/mpeg\" src=\"http:\/\/filadelfia.lutheran.hu\/wp-content\/uploads\/2023\/01\/230112A.mp3?_=129\" \/><a href=\"http:\/\/filadelfia.lutheran.hu\/wp-content\/uploads\/2023\/01\/230112A.mp3\">http:\/\/filadelfia.lutheran.hu\/wp-content\/uploads\/2023\/01\/230112A.mp3<\/a><\/audio>\n<p><span style=\"color: #;\">Kisv\u00e1rdai Aliansz alkalom, 2023. janu\u00e1r 12. <\/span><\/p>\n<audio class=\"wp-audio-shortcode\" id=\"audio-23810-130\" preload=\"none\" style=\"width: 100%;\" controls=\"controls\"><source type=\"audio\/mpeg\" src=\"http:\/\/filadelfia.lutheran.hu\/wp-content\/uploads\/2023\/01\/230108A.mp3?_=130\" \/><a href=\"http:\/\/filadelfia.lutheran.hu\/wp-content\/uploads\/2023\/01\/230108A.mp3\">http:\/\/filadelfia.lutheran.hu\/wp-content\/uploads\/2023\/01\/230108A.mp3<\/a><\/audio>\n<p><span style=\"color: #;\">Kisv\u00e1rdai Aliansz alkalom, 2023. janu\u00e1r 8. <\/span><\/p>\n<audio class=\"wp-audio-shortcode\" id=\"audio-23810-131\" preload=\"none\" style=\"width: 100%;\" controls=\"controls\"><source type=\"audio\/mpeg\" src=\"http:\/\/filadelfia.lutheran.hu\/wp-content\/uploads\/2023\/01\/230108K.mp3?_=131\" \/><a href=\"http:\/\/filadelfia.lutheran.hu\/wp-content\/uploads\/2023\/01\/230108K.mp3\">http:\/\/filadelfia.lutheran.hu\/wp-content\/uploads\/2023\/01\/230108K.mp3<\/a><\/audio>\n<p><span style=\"color: #;\">Kisv\u00e1rdai istentisztelet, 2023. janu\u00e1r 8. <\/span><\/p>\n<audio class=\"wp-audio-shortcode\" id=\"audio-23810-132\" preload=\"none\" style=\"width: 100%;\" controls=\"controls\"><source type=\"audio\/mpeg\" src=\"http:\/\/filadelfia.lutheran.hu\/wp-content\/uploads\/2023\/01\/230108Ny.mp3?_=132\" \/><a href=\"http:\/\/filadelfia.lutheran.hu\/wp-content\/uploads\/2023\/01\/230108Ny.mp3\">http:\/\/filadelfia.lutheran.hu\/wp-content\/uploads\/2023\/01\/230108Ny.mp3<\/a><\/audio>\n<p><span style=\"color: #;\">Ny\u00edrteleki istentisztelet, 2023. janu\u00e1r 8. <\/span><\/p>\n<audio class=\"wp-audio-shortcode\" id=\"audio-23810-133\" preload=\"none\" style=\"width: 100%;\" controls=\"controls\"><source type=\"audio\/mpeg\" src=\"http:\/\/filadelfia.lutheran.hu\/wp-content\/uploads\/2023\/01\/230101K.mp3?_=133\" \/><a href=\"http:\/\/filadelfia.lutheran.hu\/wp-content\/uploads\/2023\/01\/230101K.mp3\">http:\/\/filadelfia.lutheran.hu\/wp-content\/uploads\/2023\/01\/230101K.mp3<\/a><\/audio>\n<p><span style=\"color: #;\">Kisv\u00e1rdai istentisztelet, 2023. janu\u00e1r 1. <\/span><\/p>\n<audio class=\"wp-audio-shortcode\" id=\"audio-23810-134\" preload=\"none\" style=\"width: 100%;\" controls=\"controls\"><source type=\"audio\/mpeg\" src=\"http:\/\/filadelfia.lutheran.hu\/wp-content\/uploads\/2023\/01\/230101Ny.mp3?_=134\" \/><a href=\"http:\/\/filadelfia.lutheran.hu\/wp-content\/uploads\/2023\/01\/230101Ny.mp3\">http:\/\/filadelfia.lutheran.hu\/wp-content\/uploads\/2023\/01\/230101Ny.mp3<\/a><\/audio>\n<p><span style=\"color: #;\">Ny\u00edrteleki istentisztelet, 2023. janu\u00e1r 1. <\/span><\/p>\n","protected":false},"excerpt":{"rendered":"[audio mp3=\"http:\/\/filadelfia.lutheran.hu\/wp-content\/uploads\/231231K.mp3\"][\/audio]\n<p><span style=\"color: #;\"> Kisv\u00e1rdai istentisztelet hangfelv\u00e9tele, igehirdet\u0151: Hulej Enik\u0151, 2023. december 31. &#8211; Alapige: Lk 12,35-40 <\/span><\/p>\n<p>[audio mp3=&#8221;http:&#8230;<\/p>\n","protected":false},"author":1,"featured_media":0,"parent":179,"menu_order":0,"comment_status":"closed","ping_status":"closed","template":"","meta":[],"_links":{"self":[{"href":"https:\/\/filadelfia.lutheran.hu?lang=hu_HU%2Findex.php&rest_route=\/wp\/v2\/pages\/23810"}],"collection":[{"href":"https:\/\/filadelfia.lutheran.hu?lang=hu_HU%2Findex.php&rest_route=\/wp\/v2\/pages"}],"about":[{"href":"https:\/\/filadelfia.lutheran.hu?lang=hu_HU%2Findex.php&rest_route=\/wp\/v2\/types\/page"}],"author":[{"embeddable":true,"href":"https:\/\/filadelfia.lutheran.hu?lang=hu_HU%2Findex.php&rest_route=\/wp\/v2\/users\/1"}],"replies":[{"embeddable":true,"href":"https:\/\/filadelfia.lutheran.hu?lang=hu_HU%2Findex.php&rest_route=%2Fwp%2Fv2%2Fcomments&post=23810"}],"version-history":[{"count":107,"href":"https:\/\/filadelfia.lutheran.hu?lang=hu_HU%2Findex.php&rest_route=\/wp\/v2\/pages\/23810\/revisions"}],"predecessor-version":[{"id":27886,"href":"https:\/\/filadelfia.lutheran.hu?lang=hu_HU%2Findex.php&rest_route=\/wp\/v2\/pages\/23810\/revisions\/27886"}],"up":[{"embeddable":true,"href":"https:\/\/filadelfia.lutheran.hu?lang=hu_HU%2Findex.php&rest_route=\/wp\/v2\/pages\/179"}],"wp:attachment":[{"href":"https:\/\/filadelfia.lutheran.hu?lang=hu_HU%2Findex.php&rest_route=%2Fwp%2Fv2%2Fmedia&parent=23810"}],"curies":[{"name":"wp","href":"https:\/\/api.w.org\/{rel}","templated":true}]}}